{"id":14552,"date":"2022-04-08T13:50:19","date_gmt":"2022-04-08T11:50:19","guid":{"rendered":"https:\/\/proni.hr\/projekti\/"},"modified":"2024-07-03T12:54:27","modified_gmt":"2024-07-03T10:54:27","slug":"projekti","status":"publish","type":"page","link":"https:\/\/proni.hr\/en\/projekti\/","title":{"rendered":"Projects"},"content":{"rendered":"\t\t<div data-elementor-type=\"wp-page\" data-elementor-id=\"14552\" class=\"elementor elementor-14552 elementor-8142\">\n\t\t\t\t\t\t<section data-custom-animations=\"true\" data-ca-options=\"{&quot;addChildTimelines&quot;:false,&quot;animationTarget&quot;:&quot;:scope &gt; .elementor-container &gt; .elementor-column&quot;,&quot;ease&quot;:[&quot;power4.out&quot;],&quot;initValues&quot;:{&quot;opacity&quot;:0},&quot;animations&quot;:{&quot;opacity&quot;:1}}\" class=\"elementor-section elementor-top-section elementor-element elementor-element-e79b864 elementor-section-boxed elementor-section-height-default elementor-section-height-default\" data-id=\"e79b864\" data-element_type=\"section\" data-e-type=\"section\">\n\t\t\t\t\t\t<div class=\"elementor-container elementor-column-gap-default\">\n\t\t\t\t\t<div class=\"elementor-column elementor-col-100 elementor-top-column elementor-element elementor-element-5fb43aa\" data-id=\"5fb43aa\" data-element_type=\"column\" data-e-type=\"column\">\n\t\t\t<div class=\"elementor-widget-wrap elementor-element-populated\">\n\t\t\t\t\t\t<div class=\"elementor-element elementor-element-cb1ebae elementor-widget elementor-widget-hub_fancy_heading\" data-id=\"cb1ebae\" data-element_type=\"widget\" data-e-type=\"widget\" data-widget_type=\"hub_fancy_heading.default\">\n\t\t\t\t<div class=\"elementor-widget-container\">\n\t\t\t\t\t\n\t\t<div id=\"ld-fancy-heading-69f1904d71ae5\" class=\"ld-fancy-heading pos-rel\">\n\t\t\t<h2 class=\"ld-fh-element d-inline-block pos-rel  elementor-heading-title lqd-highlight-classic lqd-highlight-grow-left h2\"  > Projekti koji su u tijeku<\/h2>\t\t<\/div>\n\n\t\t\t\t\t\t<\/div>\n\t\t\t\t<\/div>\n\t\t\t\t<div class=\"elementor-element elementor-element-3d78b63 elementor-widget elementor-widget-ucaddon_uc_card_post_carousel\" data-id=\"3d78b63\" data-element_type=\"widget\" data-e-type=\"widget\" data-widget_type=\"ucaddon_uc_card_post_carousel.default\">\n\t\t\t\t<div class=\"elementor-widget-container\">\n\t\t\t\t\t\n<!-- start Post Carousel Lite -->\n\t\t<link id='font-awesome-css' href='https:\/\/proni.hr\/wp-content\/plugins\/unlimited-elements-for-elementor\/assets_libraries\/font-awesome6\/fontawesome-all.min.css' type='text\/css' rel='stylesheet' >\n\t\t<link id='font-awesome-4-shim-css' href='https:\/\/proni.hr\/wp-content\/plugins\/unlimited-elements-for-elementor\/assets_libraries\/font-awesome6\/fontawesome-v4-shims.min.css' type='text\/css' rel='stylesheet' >\n\t\t<link id='owl-carousel-css' href='https:\/\/proni.hr\/wp-content\/plugins\/unlimited-elements-for-elementor\/assets_libraries\/owl-carousel-new\/assets\/owl.carousel.css' type='text\/css' rel='stylesheet' >\n\n<style>\/* widget: Post Carousel Lite *\/\n\n#uc_uc_card_post_carousel_elementor_3d78b63 *{\n  box-sizing:border-box;\n}\n#uc_uc_card_post_carousel_elementor_3d78b63{\n  position:relative;\n  min-height:1px;\n}\n#uc_uc_card_post_carousel_elementor_3d78b63 .uc_image_carousel_content{\n\ttext-align:center;\n    display: flex;\n     flex-flow: column nowrap;\n}\n#uc_uc_card_post_carousel_elementor_3d78b63 .ue_post_carousel_item\n{\n  overflow:hidden;\n  \n}\n#uc_uc_card_post_carousel_elementor_3d78b63 .uc_image_carousel_bg {\n  background-repeat: no-repeat;\n}\n#uc_uc_card_post_carousel_elementor_3d78b63 .uc_image_carousel_placeholder a{\n  width:100%;\n}\n#uc_uc_card_post_carousel_elementor_3d78b63 .uc_image_carousel_bg{\n  width:100%;\n}\n#uc_uc_card_post_carousel_elementor_3d78b63 .uc_image_carousel_placeholder{\n  overflow:hidden;\n}\n\n#uc_uc_card_post_carousel_elementor_3d78b63 .ue_post_btn_holder\n{\n  margin-top:auto;\n}\n\n#uc_uc_card_post_carousel_elementor_3d78b63 .uc_more_btn{\n\n  display:inline-block;\n  text-align:center;\n  text-decoration:none;\n} \n\n.uc_overlay_image_carousel .uc_more_btn{\n  text-decoration:none;\n  display:inline-block;\n}\n\n.uc_overlay_image_carousel .uc_post_title{\n  font-size:21px;\n  text-decoration:none;\n}\n\n#uc_uc_card_post_carousel_elementor_3d78b63 .owl-nav .owl-prev{\n    position:absolute;\n    display:inline-block;\n    text-align:center;\n}\n#uc_uc_card_post_carousel_elementor_3d78b63 .owl-nav .owl-next{\n  position:absolute;\n  display:inline-block;\n  text-align:center;\n}\n\n\n#uc_uc_card_post_carousel_elementor_3d78b63 .owl-dots {\noverflow:hidden;\ndisplay:true !important;\ntext-align:center;\n}\n\n#uc_uc_card_post_carousel_elementor_3d78b63 .owl-dot {\nborder-radius:50%;\ndisplay:inline-block;\n}\n\n\n\n<\/style>\n\n<div class=\"uc_overlay_image_carousel  \" id=\"uc_uc_card_post_carousel_elementor_3d78b63\" data-custom-sethtml=\"true\" >\n   <div class=\"uc_carousel owl-carousel owl-theme uc-items-wrapper\">\n   \t\t<div id=\"uc_uc_card_post_carousel_elementor_3d78b63_item1\" class=\"uc_image_carousel_container_holder ue_post_carousel_item ue-\">\n  <div class=\"uc_image_carousel_placeholder\">\n    <a href=\"https:\/\/proni.hr\/en\/projekti\/projekt-euvizija\/\"><div class=\"uc_image_carousel_bg\" style=\"background-image:url(https:\/\/proni.hr\/wp-content\/uploads\/ac_assets\/uc_card_post_carousel\/\/no-image.png); background-position:center;\"><\/div><\/a>\n  <\/div>\n\n  <div class=\"uc_image_carousel_content\" >\n                <a href=\"https:\/\/proni.hr\/en\/projekti\/projekt-euvizija\/\" style=\"text-decoration:none;\"><div class=\"uc_post_title\" style=\"text-decoration:none;\">Projekt EUvizija<\/div><\/a>    <div class=\"ue_post_intro\">Projekt EUvizija provodit \u0107e se u razdoblju 01.09.2023.-31.10.2024. na podru\u010dju OB\u017d i VS\u017d, konkretno...<\/div>    \n        \n  <\/div>\n  \n    \n<\/div>\n<div id=\"uc_uc_card_post_carousel_elementor_3d78b63_item2\" class=\"uc_image_carousel_container_holder ue_post_carousel_item ue-\">\n  <div class=\"uc_image_carousel_placeholder\">\n    <a href=\"https:\/\/proni.hr\/en\/projekti\/moja-inkluzivna-zajednica\/\"><div class=\"uc_image_carousel_bg\" style=\"background-image:url(https:\/\/proni.hr\/wp-content\/uploads\/ac_assets\/uc_card_post_carousel\/\/no-image.png); background-position:center;\"><\/div><\/a>\n  <\/div>\n\n  <div class=\"uc_image_carousel_content\" >\n                <a href=\"https:\/\/proni.hr\/en\/projekti\/moja-inkluzivna-zajednica\/\" style=\"text-decoration:none;\"><div class=\"uc_post_title\" style=\"text-decoration:none;\">Moja inkluzivna zajednica<\/div><\/a>    <div class=\"ue_post_intro\">Projekt \u201cMoja inkluzivna zajednica\u201d\u00a0 kojeg \u0107e u suradnji s odgojno-obrazovnom ustanovom s podru\u010dja grada...<\/div>    \n        \n  <\/div>\n  \n    \n<\/div>\n<div id=\"uc_uc_card_post_carousel_elementor_3d78b63_item3\" class=\"uc_image_carousel_container_holder ue_post_carousel_item ue-\">\n  <div class=\"uc_image_carousel_placeholder\">\n    <a href=\"https:\/\/proni.hr\/en\/projekti\/zajedno-bolji\/\"><div class=\"uc_image_carousel_bg\" style=\"background-image:url(https:\/\/proni.hr\/wp-content\/uploads\/ac_assets\/uc_card_post_carousel\/\/no-image.png); background-position:center;\"><\/div><\/a>\n  <\/div>\n\n  <div class=\"uc_image_carousel_content\" >\n                <a href=\"https:\/\/proni.hr\/en\/projekti\/zajedno-bolji\/\" style=\"text-decoration:none;\"><div class=\"uc_post_title\" style=\"text-decoration:none;\">Zajedno bolji<\/div><\/a>    <div class=\"ue_post_intro\">Projekt \u201eZajedno bolji\u201c doprinosi suzbijanju i sprje\u010davanju pojave ovisnosti me\u0111u djecom i mladima te...<\/div>    \n        \n  <\/div>\n  \n    \n<\/div>\n<div id=\"uc_uc_card_post_carousel_elementor_3d78b63_item4\" class=\"uc_image_carousel_container_holder ue_post_carousel_item ue-\">\n  <div class=\"uc_image_carousel_placeholder\">\n    <a href=\"https:\/\/proni.hr\/en\/projekti\/mladi-kako-ste\/\"><div class=\"uc_image_carousel_bg\" style=\"background-image:url(https:\/\/proni.hr\/wp-content\/uploads\/ac_assets\/uc_card_post_carousel\/\/no-image.png); background-position:center;\"><\/div><\/a>\n  <\/div>\n\n  <div class=\"uc_image_carousel_content\" >\n                <a href=\"https:\/\/proni.hr\/en\/projekti\/mladi-kako-ste\/\" style=\"text-decoration:none;\"><div class=\"uc_post_title\" style=\"text-decoration:none;\">Mladi, kako ste?<\/div><\/a>    <div class=\"ue_post_intro\">Projekt Mladi, kako ste? provodi se na podru\u010dju Osje\u010dko-baranjske \u017eupanije, u partnerstvu sa Osje\u010dko-baranjskom...<\/div>    \n        \n  <\/div>\n  \n    \n<\/div>\n<div id=\"uc_uc_card_post_carousel_elementor_3d78b63_item5\" class=\"uc_image_carousel_container_holder ue_post_carousel_item ue-\">\n  <div class=\"uc_image_carousel_placeholder\">\n    <a href=\"https:\/\/proni.hr\/en\/projekti\/svjesno-zajedno\/\"><div class=\"uc_image_carousel_bg\" style=\"background-image:url(https:\/\/proni.hr\/wp-content\/uploads\/ac_assets\/uc_card_post_carousel\/\/no-image.png); background-position:center;\"><\/div><\/a>\n  <\/div>\n\n  <div class=\"uc_image_carousel_content\" >\n                <a href=\"https:\/\/proni.hr\/en\/projekti\/svjesno-zajedno\/\" style=\"text-decoration:none;\"><div class=\"uc_post_title\" style=\"text-decoration:none;\">Svjesno-zajedno<\/div><\/a>    <div class=\"ue_post_intro\">Program \u201eSvjesno \u2013 zajedno\u201c kroz tri godine izravnog rada sa osobama s multiple sklerozom kroz psihosocijalne...<\/div>    \n        \n  <\/div>\n  \n    \n<\/div>\n<div id=\"uc_uc_card_post_carousel_elementor_3d78b63_item6\" class=\"uc_image_carousel_container_holder ue_post_carousel_item ue-\">\n  <div class=\"uc_image_carousel_placeholder\">\n    <a href=\"https:\/\/proni.hr\/en\/projekti\/nove-mogucnosti\/\"><div class=\"uc_image_carousel_bg\" style=\"background-image:url(https:\/\/proni.hr\/wp-content\/uploads\/ac_assets\/uc_card_post_carousel\/\/no-image.png); background-position:center;\"><\/div><\/a>\n  <\/div>\n\n  <div class=\"uc_image_carousel_content\" >\n                <a href=\"https:\/\/proni.hr\/en\/projekti\/nove-mogucnosti\/\" style=\"text-decoration:none;\"><div class=\"uc_post_title\" style=\"text-decoration:none;\">Nove mogu\u0107nosti<\/div><\/a>    <div class=\"ue_post_intro\">Projekt Nove mogu\u0107nosti nastao je na temelju potreba organizacija uklju\u010denih u partnerstvo i njihove...<\/div>    \n        \n  <\/div>\n  \n    \n<\/div>\n<div id=\"uc_uc_card_post_carousel_elementor_3d78b63_item7\" class=\"uc_image_carousel_container_holder ue_post_carousel_item ue-\">\n  <div class=\"uc_image_carousel_placeholder\">\n    <a href=\"https:\/\/proni.hr\/en\/projekti\/budimo-inkluzivni\/\"><div class=\"uc_image_carousel_bg\" style=\"background-image:url(https:\/\/proni.hr\/wp-content\/uploads\/ac_assets\/uc_card_post_carousel\/\/no-image.png); background-position:center;\"><\/div><\/a>\n  <\/div>\n\n  <div class=\"uc_image_carousel_content\" >\n                <a href=\"https:\/\/proni.hr\/en\/projekti\/budimo-inkluzivni\/\" style=\"text-decoration:none;\"><div class=\"uc_post_title\" style=\"text-decoration:none;\">Budimo inkluzivni!<\/div><\/a>    <div class=\"ue_post_intro\">Projekt \u201cBudimo inkluzivni!\u201d, provodi se na podru\u010dju grada Vukovara u trajanju od 15 mjeseci tj. od 2.11.2020....<\/div>    \n        \n  <\/div>\n  \n    \n<\/div>\n<div id=\"uc_uc_card_post_carousel_elementor_3d78b63_item8\" class=\"uc_image_carousel_container_holder ue_post_carousel_item ue-\">\n  <div class=\"uc_image_carousel_placeholder\">\n    <a href=\"https:\/\/proni.hr\/en\/projekti\/radius-v\/\"><div class=\"uc_image_carousel_bg\" style=\"background-image:url(https:\/\/proni.hr\/wp-content\/uploads\/ac_assets\/uc_card_post_carousel\/\/no-image.png); background-position:center;\"><\/div><\/a>\n  <\/div>\n\n  <div class=\"uc_image_carousel_content\" >\n                <a href=\"https:\/\/proni.hr\/en\/projekti\/radius-v\/\" style=\"text-decoration:none;\"><div class=\"uc_post_title\" style=\"text-decoration:none;\">Radius V<\/div><\/a>    <div class=\"ue_post_intro\">Projekt \u201eRadius V\u201c je usmjeren na kreiranje poticajnog okru\u017eenja za razvoj volonterstva kroz uspostavljanje...<\/div>    \n        \n  <\/div>\n  \n    \n<\/div>\n<div id=\"uc_uc_card_post_carousel_elementor_3d78b63_item9\" class=\"uc_image_carousel_container_holder ue_post_carousel_item ue-\">\n  <div class=\"uc_image_carousel_placeholder\">\n    <a href=\"https:\/\/proni.hr\/en\/projekti\/zemlja-i-mi\/\"><div class=\"uc_image_carousel_bg\" style=\"background-image:url(https:\/\/proni.hr\/wp-content\/uploads\/ac_assets\/uc_card_post_carousel\/\/no-image.png); background-position:center;\"><\/div><\/a>\n  <\/div>\n\n  <div class=\"uc_image_carousel_content\" >\n                <a href=\"https:\/\/proni.hr\/en\/projekti\/zemlja-i-mi\/\" style=\"text-decoration:none;\"><div class=\"uc_post_title\" style=\"text-decoration:none;\">Zemlja i mi<\/div><\/a>    <div class=\"ue_post_intro\">Od 1.velja\u010de 2021. godine PRONI Centar zapo\u010deo je provedbu projekta pod nazivom \u201cZemlja i mi\u201d. Projekt...<\/div>    \n        \n  <\/div>\n  \n    \n<\/div>\n<div id=\"uc_uc_card_post_carousel_elementor_3d78b63_item10\" class=\"uc_image_carousel_container_holder ue_post_carousel_item ue-\">\n  <div class=\"uc_image_carousel_placeholder\">\n    <a href=\"https:\/\/proni.hr\/en\/projekti\/igre-protiv-podvala\/\"><div class=\"uc_image_carousel_bg\" style=\"background-image:url(https:\/\/proni.hr\/wp-content\/uploads\/ac_assets\/uc_card_post_carousel\/\/no-image.png); background-position:center;\"><\/div><\/a>\n  <\/div>\n\n  <div class=\"uc_image_carousel_content\" >\n                <a href=\"https:\/\/proni.hr\/en\/projekti\/igre-protiv-podvala\/\" style=\"text-decoration:none;\"><div class=\"uc_post_title\" style=\"text-decoration:none;\">Igre protiv podvala<\/div><\/a>    <div class=\"ue_post_intro\">Projekt `Igre protiv podvala` provodit \u0107e se tijekom 13 mjeseci (1.9.2020.-30.9.2021.), a ima za cilj...<\/div>    \n        \n  <\/div>\n  \n    \n<\/div>\n<div id=\"uc_uc_card_post_carousel_elementor_3d78b63_item11\" class=\"uc_image_carousel_container_holder ue_post_carousel_item ue-\">\n  <div class=\"uc_image_carousel_placeholder\">\n    <a href=\"https:\/\/proni.hr\/en\/projekti\/projekt-pronadena-neet\/\"><div class=\"uc_image_carousel_bg\" style=\"background-image:url(https:\/\/proni.hr\/wp-content\/uploads\/ac_assets\/uc_card_post_carousel\/\/no-image.png); background-position:center;\"><\/div><\/a>\n  <\/div>\n\n  <div class=\"uc_image_carousel_content\" >\n                <a href=\"https:\/\/proni.hr\/en\/projekti\/projekt-pronadena-neet\/\" style=\"text-decoration:none;\"><div class=\"uc_post_title\" style=\"text-decoration:none;\">Projekt \u201cProna\u0111ena NEET\u201d<\/div><\/a>    <div class=\"ue_post_intro\">\u201cProna\u0111ena NEET\u201c novi je projekt PRONI Centra za socijalno podu\u010davanje i partnera Pu\u010dkog otvorenog u\u010dili\u0161ta...<\/div>    \n        \n  <\/div>\n  \n    \n<\/div>\n<div id=\"uc_uc_card_post_carousel_elementor_3d78b63_item12\" class=\"uc_image_carousel_container_holder ue_post_carousel_item ue-\">\n  <div class=\"uc_image_carousel_placeholder\">\n    <a href=\"https:\/\/proni.hr\/en\/projekti\/putevima-ekoloske-renesanse\/\"><div class=\"uc_image_carousel_bg\" style=\"background-image:url(https:\/\/proni.hr\/wp-content\/uploads\/ac_assets\/uc_card_post_carousel\/\/no-image.png); background-position:center;\"><\/div><\/a>\n  <\/div>\n\n  <div class=\"uc_image_carousel_content\" >\n                <a href=\"https:\/\/proni.hr\/en\/projekti\/putevima-ekoloske-renesanse\/\" style=\"text-decoration:none;\"><div class=\"uc_post_title\" style=\"text-decoration:none;\">Putevima ekolo\u0161ke renesanse<\/div><\/a>    <div class=\"ue_post_intro\">Projekt Putevima ekolo\u0161ke renesanse projekt je izgra\u0111en u partnerstvu nekoliko organizacija civilnog...<\/div>    \n        \n  <\/div>\n  \n    \n<\/div>\n<div id=\"uc_uc_card_post_carousel_elementor_3d78b63_item13\" class=\"uc_image_carousel_container_holder ue_post_carousel_item ue-\">\n  <div class=\"uc_image_carousel_placeholder\">\n    <a href=\"https:\/\/proni.hr\/en\/projekti\/moja-inkluzivna-zajednica-2\/\"><div class=\"uc_image_carousel_bg\" style=\"background-image:url(https:\/\/proni.hr\/wp-content\/uploads\/ac_assets\/uc_card_post_carousel\/\/no-image.png); background-position:center;\"><\/div><\/a>\n  <\/div>\n\n  <div class=\"uc_image_carousel_content\" >\n                <a href=\"https:\/\/proni.hr\/en\/projekti\/moja-inkluzivna-zajednica-2\/\" style=\"text-decoration:none;\"><div class=\"uc_post_title\" style=\"text-decoration:none;\">Moja inkluzivna zajednica!<\/div><\/a>    <div class=\"ue_post_intro\">Projekt \u201cMoja inkluzivna zajednica!\u201d dio je prve godine provedbe programa Oznake kvalitete koju PRONI...<\/div>    \n        \n  <\/div>\n  \n    \n<\/div>\n<div id=\"uc_uc_card_post_carousel_elementor_3d78b63_item14\" class=\"uc_image_carousel_container_holder ue_post_carousel_item ue-\">\n  <div class=\"uc_image_carousel_placeholder\">\n    <a href=\"https:\/\/proni.hr\/en\/projekti\/mladi-za-grad\/\"><div class=\"uc_image_carousel_bg\" style=\"background-image:url(https:\/\/proni.hr\/wp-content\/uploads\/ac_assets\/uc_card_post_carousel\/\/no-image.png); background-position:center;\"><\/div><\/a>\n  <\/div>\n\n  <div class=\"uc_image_carousel_content\" >\n                <a href=\"https:\/\/proni.hr\/en\/projekti\/mladi-za-grad\/\" style=\"text-decoration:none;\"><div class=\"uc_post_title\" style=\"text-decoration:none;\">Mladi za grad<\/div><\/a>    <div class=\"ue_post_intro\">Mladi preuzimaju inicijativu i aktivno sudjeluju u procesima odlu\u010divanja i procesima kreiranja javnih...<\/div>    \n        \n  <\/div>\n  \n    \n<\/div>\n<div id=\"uc_uc_card_post_carousel_elementor_3d78b63_item15\" class=\"uc_image_carousel_container_holder ue_post_carousel_item ue-\">\n  <div class=\"uc_image_carousel_placeholder\">\n    <a href=\"https:\/\/proni.hr\/en\/projekti\/zajedno-jaci\/\"><div class=\"uc_image_carousel_bg\" style=\"background-image:url(https:\/\/proni.hr\/wp-content\/uploads\/ac_assets\/uc_card_post_carousel\/\/no-image.png); background-position:center;\"><\/div><\/a>\n  <\/div>\n\n  <div class=\"uc_image_carousel_content\" >\n                <a href=\"https:\/\/proni.hr\/en\/projekti\/zajedno-jaci\/\" style=\"text-decoration:none;\"><div class=\"uc_post_title\" style=\"text-decoration:none;\">Zajedno ja\u010di<\/div><\/a>    <div class=\"ue_post_intro\">Projekt \u201cZajedno ja\u010di\u201d dio je prve godine provedbe programa Oznake kvalitete koju PRONI Centar posjeduje...<\/div>    \n        \n  <\/div>\n  \n    \n<\/div>\n<div id=\"uc_uc_card_post_carousel_elementor_3d78b63_item16\" class=\"uc_image_carousel_container_holder ue_post_carousel_item ue-\">\n  <div class=\"uc_image_carousel_placeholder\">\n    <a href=\"https:\/\/proni.hr\/en\/projekti\/plan-b-civilno-drustvo-otporno-na-krizne-situacije\/\"><div class=\"uc_image_carousel_bg\" style=\"background-image:url(https:\/\/proni.hr\/wp-content\/uploads\/ac_assets\/uc_card_post_carousel\/\/no-image.png); background-position:center;\"><\/div><\/a>\n  <\/div>\n\n  <div class=\"uc_image_carousel_content\" >\n                <a href=\"https:\/\/proni.hr\/en\/projekti\/plan-b-civilno-drustvo-otporno-na-krizne-situacije\/\" style=\"text-decoration:none;\"><div class=\"uc_post_title\" style=\"text-decoration:none;\">PLAN B \u2013 Civilno dru\u0161tvo otporno na krizne situacije<\/div><\/a>    <div class=\"ue_post_intro\">Projekt PLAN B ja\u010da otpornost organizacija civilnoga dru\u0161tva na krize razvojem alata koji organizacijama...<\/div>    \n        \n  <\/div>\n  \n    \n<\/div>\n<div id=\"uc_uc_card_post_carousel_elementor_3d78b63_item17\" class=\"uc_image_carousel_container_holder ue_post_carousel_item ue-\">\n  <div class=\"uc_image_carousel_placeholder\">\n    <a href=\"https:\/\/proni.hr\/en\/projekti\/proaktivna-mreza\/\"><div class=\"uc_image_carousel_bg\" style=\"background-image:url(https:\/\/proni.hr\/wp-content\/uploads\/ac_assets\/uc_card_post_carousel\/\/no-image.png); background-position:center;\"><\/div><\/a>\n  <\/div>\n\n  <div class=\"uc_image_carousel_content\" >\n                <a href=\"https:\/\/proni.hr\/en\/projekti\/proaktivna-mreza\/\" style=\"text-decoration:none;\"><div class=\"uc_post_title\" style=\"text-decoration:none;\">Proaktivna mre\u017ea<\/div><\/a>    <div class=\"ue_post_intro\">Projekt Proaktivna mre\u017ea osmi\u0161ljen je kao umre\u017eavanje i osna\u017eivanje resursa u Osje\u010dko-baranjskoj i Vukovarsko-srijemskoj...<\/div>    \n        \n  <\/div>\n  \n    \n<\/div>\n<div id=\"uc_uc_card_post_carousel_elementor_3d78b63_item18\" class=\"uc_image_carousel_container_holder ue_post_carousel_item ue-\">\n  <div class=\"uc_image_carousel_placeholder\">\n    <a href=\"https:\/\/proni.hr\/en\/projekti\/digit-yourself\/\"><div class=\"uc_image_carousel_bg\" style=\"background-image:url(https:\/\/proni.hr\/wp-content\/uploads\/ac_assets\/uc_card_post_carousel\/\/no-image.png); background-position:center;\"><\/div><\/a>\n  <\/div>\n\n  <div class=\"uc_image_carousel_content\" >\n                <a href=\"https:\/\/proni.hr\/en\/projekti\/digit-yourself\/\" style=\"text-decoration:none;\"><div class=\"uc_post_title\" style=\"text-decoration:none;\">Digit Yourself<\/div><\/a>    <div class=\"ue_post_intro\">Projekt \u201cDigit Yourself\u201d dio je prve godine provedbe akreditiranog programa Erasmus+ kojeg PRONI Centar...<\/div>    \n        \n  <\/div>\n  \n    \n<\/div>\n<div id=\"uc_uc_card_post_carousel_elementor_3d78b63_item19\" class=\"uc_image_carousel_container_holder ue_post_carousel_item ue-\">\n  <div class=\"uc_image_carousel_placeholder\">\n    <a href=\"https:\/\/proni.hr\/en\/projekti\/all-about-youth\/\"><div class=\"uc_image_carousel_bg\" style=\"background-image:url(https:\/\/proni.hr\/wp-content\/uploads\/ac_assets\/uc_card_post_carousel\/\/no-image.png); background-position:center;\"><\/div><\/a>\n  <\/div>\n\n  <div class=\"uc_image_carousel_content\" >\n                <a href=\"https:\/\/proni.hr\/en\/projekti\/all-about-youth\/\" style=\"text-decoration:none;\"><div class=\"uc_post_title\" style=\"text-decoration:none;\">All about youth<\/div><\/a>    <div class=\"ue_post_intro\">All about youth\nProjekt \u201cAll about youth\u201d dio je prve godine provedbe akreditiranog programa Erasmus+...<\/div>    \n        \n  <\/div>\n  \n    \n<\/div>\n<div id=\"uc_uc_card_post_carousel_elementor_3d78b63_item20\" class=\"uc_image_carousel_container_holder ue_post_carousel_item ue-\">\n  <div class=\"uc_image_carousel_placeholder\">\n    <a href=\"https:\/\/proni.hr\/en\/projekti\/budi-m-ok-podrska-mentalnom-zdravlju\/\"><div class=\"uc_image_carousel_bg\" style=\"background-image:url(https:\/\/proni.hr\/wp-content\/uploads\/ac_assets\/uc_card_post_carousel\/\/no-image.png); background-position:center;\"><\/div><\/a>\n  <\/div>\n\n  <div class=\"uc_image_carousel_content\" >\n                <a href=\"https:\/\/proni.hr\/en\/projekti\/budi-m-ok-podrska-mentalnom-zdravlju\/\" style=\"text-decoration:none;\"><div class=\"uc_post_title\" style=\"text-decoration:none;\">Budi-M-ok! \u2013 podr\u0161ka mentalnom zdravlju<\/div><\/a>    <div class=\"ue_post_intro\">Projekt \u201eBudi-M-ok! \u2013 podr\u0161ka mentalnom zdravlju\u201c\nKratki opis projekta:\u00a0 u partnerstvu triju OCD-a iz...<\/div>    \n        \n  <\/div>\n  \n    \n<\/div>\n<div id=\"uc_uc_card_post_carousel_elementor_3d78b63_item21\" class=\"uc_image_carousel_container_holder ue_post_carousel_item ue-\">\n  <div class=\"uc_image_carousel_placeholder\">\n    <a href=\"https:\/\/proni.hr\/en\/projekti\/zeleniji-pristupacniji-i-viralni-pirovac\/\"><div class=\"uc_image_carousel_bg\" style=\"background-image:url(https:\/\/proni.hr\/wp-content\/uploads\/ac_assets\/uc_card_post_carousel\/\/no-image.png); background-position:center;\"><\/div><\/a>\n  <\/div>\n\n  <div class=\"uc_image_carousel_content\" >\n                <a href=\"https:\/\/proni.hr\/en\/projekti\/zeleniji-pristupacniji-i-viralni-pirovac\/\" style=\"text-decoration:none;\"><div class=\"uc_post_title\" style=\"text-decoration:none;\">Zeleniji, pristupa\u010dniji i viralni Pirovac<\/div><\/a>    <div class=\"ue_post_intro\">Projekt\u00a0\u201cZeleniji, pristupa\u010dniji i viralni Pirovac\u201d dio je prve godine provedbe programa\u00a0Oznake kvalitete\u00a0koju...<\/div>    \n        \n  <\/div>\n  \n    \n<\/div>\n<div id=\"uc_uc_card_post_carousel_elementor_3d78b63_item22\" class=\"uc_image_carousel_container_holder ue_post_carousel_item ue-\">\n  <div class=\"uc_image_carousel_placeholder\">\n    <a href=\"https:\/\/proni.hr\/en\/projekti\/cool-colours-of-our-lives\/\"><div class=\"uc_image_carousel_bg\" style=\"background-image:url(https:\/\/proni.hr\/wp-content\/uploads\/ac_assets\/uc_card_post_carousel\/\/no-image.png); background-position:center;\"><\/div><\/a>\n  <\/div>\n\n  <div class=\"uc_image_carousel_content\" >\n                <a href=\"https:\/\/proni.hr\/en\/projekti\/cool-colours-of-our-lives\/\" style=\"text-decoration:none;\"><div class=\"uc_post_title\" style=\"text-decoration:none;\">COOL \u2013 Colours of our lives<\/div><\/a>    <div class=\"ue_post_intro\">COOL \u2013 Colours of our lives\nCilj projekta Colours of our lives je omogu\u0107iti mladima upoznavanje drugih...<\/div>    \n        \n  <\/div>\n  \n    \n<\/div>\n<div id=\"uc_uc_card_post_carousel_elementor_3d78b63_item23\" class=\"uc_image_carousel_container_holder ue_post_carousel_item ue-\">\n  <div class=\"uc_image_carousel_placeholder\">\n    <a href=\"https:\/\/proni.hr\/en\/projekti\/potkovani-zdravim-navikama\/\"><div class=\"uc_image_carousel_bg\" style=\"background-image:url(https:\/\/proni.hr\/wp-content\/uploads\/ac_assets\/uc_card_post_carousel\/\/no-image.png); background-position:center;\"><\/div><\/a>\n  <\/div>\n\n  <div class=\"uc_image_carousel_content\" >\n                <a href=\"https:\/\/proni.hr\/en\/projekti\/potkovani-zdravim-navikama\/\" style=\"text-decoration:none;\"><div class=\"uc_post_title\" style=\"text-decoration:none;\">Potkovani zdravim navikama<\/div><\/a>    <div class=\"ue_post_intro\">Socijalna izolacija i socio-ekonomska deprivacija, posebice na ruralnim podru\u010djima, pove\u0107avaju u\u010destalost...<\/div>    \n        \n  <\/div>\n  \n    \n<\/div>\n<div id=\"uc_uc_card_post_carousel_elementor_3d78b63_item24\" class=\"uc_image_carousel_container_holder ue_post_carousel_item ue-\">\n  <div class=\"uc_image_carousel_placeholder\">\n    <a href=\"https:\/\/proni.hr\/en\/projekti\/reci-ne\/\"><div class=\"uc_image_carousel_bg\" style=\"background-image:url(https:\/\/proni.hr\/wp-content\/uploads\/ac_assets\/uc_card_post_carousel\/\/no-image.png); background-position:center;\"><\/div><\/a>\n  <\/div>\n\n  <div class=\"uc_image_carousel_content\" >\n                <a href=\"https:\/\/proni.hr\/en\/projekti\/reci-ne\/\" style=\"text-decoration:none;\"><div class=\"uc_post_title\" style=\"text-decoration:none;\">Reci \u201cNE\u201d<\/div><\/a>    <div class=\"ue_post_intro\">Provedbom projekta Reci \u201eNE\u201c promovira se zdravlje i prevencija u odnosu na ovisnosti o drogama, alkoholu,...<\/div>    \n        \n  <\/div>\n  \n    \n<\/div>\n<div id=\"uc_uc_card_post_carousel_elementor_3d78b63_item25\" class=\"uc_image_carousel_container_holder ue_post_carousel_item ue-\">\n  <div class=\"uc_image_carousel_placeholder\">\n    <a href=\"https:\/\/proni.hr\/en\/projekti\/u-informiranju-je-snaga\/\"><div class=\"uc_image_carousel_bg\" style=\"background-image:url(https:\/\/proni.hr\/wp-content\/uploads\/ac_assets\/uc_card_post_carousel\/\/no-image.png); background-position:center;\"><\/div><\/a>\n  <\/div>\n\n  <div class=\"uc_image_carousel_content\" >\n                <a href=\"https:\/\/proni.hr\/en\/projekti\/u-informiranju-je-snaga\/\" style=\"text-decoration:none;\"><div class=\"uc_post_title\" style=\"text-decoration:none;\">U informiranju je snaga<\/div><\/a>    <div class=\"ue_post_intro\">Projekt U informiranju je snaga doprinosi pove\u0107anju u\u010dinkovitost i sposobnost OCD-a na podru\u010dju grada...<\/div>    \n        \n  <\/div>\n  \n    \n<\/div>\n\n   <\/div>\t\n<\/div>\n\n<!-- end Post Carousel Lite -->\t\t\t\t<\/div>\n\t\t\t\t<\/div>\n\t\t\t\t<div class=\"elementor-element elementor-element-de2ce6f elementor-widget elementor-widget-hub_fancy_heading\" data-id=\"de2ce6f\" data-element_type=\"widget\" data-e-type=\"widget\" data-widget_type=\"hub_fancy_heading.default\">\n\t\t\t\t<div class=\"elementor-widget-container\">\n\t\t\t\t\t\n\t\t<div id=\"ld-fancy-heading-69f1904d8611e\" class=\"ld-fancy-heading pos-rel\">\n\t\t\t<span class=\"ld-fh-element d-inline-block pos-rel  lqd-highlight-classic lqd-highlight-grow-left span\"  > Pogledajte opise projekata koje u ovom trenutku provodimo<\/span>\t\t<\/div>\n\n\t\t\t\t\t\t<\/div>\n\t\t\t\t<\/div>\n\t\t\t\t<div class=\"elementor-element elementor-element-d12376e elementor-widget elementor-widget-ld_portfolio\" data-id=\"d12376e\" data-element_type=\"widget\" data-e-type=\"widget\" data-widget_type=\"ld_portfolio.default\">\n\t\t\t\t<div class=\"elementor-widget-container\">\n\t\t\t\t\t<div class=\"lqd-pf-grid lqd-pf-grid-d12376e\"><div id=\"lqd-pf-grid-d12376e\" class=\"lqd-pf-row row d-flex flex-wrap lqd-pf-grid-d12376e\" data-liquid-masonry=\"true\" data-masonry-options='{ \"layoutMode\": \"packery\" }'><div class=\"lqd-pf-column col-md-4 col-sm-6 col-xs-12 col-sm-6 col-xs-12 masonry-item ongoing-projects\">\n\n\t<article id=\"post-14602\" class=\"lqd-pf-item lqd-pf-item-style-6 border-radius-6 p-3 pt-4 lqd-pf-dark post-14602 liquid-portfolio type-liquid-portfolio status-publish format-standard hentry liquid-portfolio-category-ongoing-projects\">\n\t\t<div class=\"lqd-pf-item-inner\">\n\n\t\t\t<div class=\"lqd-pf-img mb-3 pos-rel border-radius-10 overflow-hidden\">\n\t\t\t\t<figure>\n\t\t\t\t\t<figure  class=\"w-100\"><\/figure>\t\t\t\t<\/figure>\n\t\t\t\t<span class=\"lqd-pf-overlay-bg lqd-overlay d-flex align-items-center justify-content-center\">\n\t\t\t\t<\/span>\n\t\t\t<\/div>\n\n\t\t\t<div class=\"lqd-pf-details\">\n\t\t\t\t<div class=\"d-flex justify-content-between\">\n\t\t\t\t\t\t\t\t\t\t<h2 class=\"lqd-pf-title mt-0 align-items-center h5\">Erasmus akreditacija u podru\u010dju mladih<\/h2>\t\t\t\t\t\t\t\t\t<\/div>\n\t\t\t\t<ul class=\"reset-ul inline-nav lqd-pf-cat d-inline-flex pos-rel z-index-2\"><li><a href=\"https:\/\/proni.hr\/en\/kategorija-projekata\/ongoing-projects\/\">Ongoing projects<\/a><\/li><\/ul>\t\t\t<\/div>\n\n\t\t\t<a href=\"https:\/\/proni.hr\/en\/projekti\/erasmus-akreditacija-u-podrucju-mladih\/\"  class=\"lqd-overlay lqd-pf-overlay-link lqd-cc-label-trigger\" data-cc-icon-color=\"\"><\/a>\n\t\t<\/div>\n\t<\/article>\n\n<\/div><div class=\"lqd-pf-column col-md-4 col-sm-6 col-xs-12 col-sm-6 col-xs-12 masonry-item ongoing-projects\">\n\n\t<article id=\"post-14608\" class=\"lqd-pf-item lqd-pf-item-style-6 border-radius-6 p-3 pt-4 lqd-pf-dark post-14608 liquid-portfolio type-liquid-portfolio status-publish format-standard hentry liquid-portfolio-category-ongoing-projects\">\n\t\t<div class=\"lqd-pf-item-inner\">\n\n\t\t\t<div class=\"lqd-pf-img mb-3 pos-rel border-radius-10 overflow-hidden\">\n\t\t\t\t<figure>\n\t\t\t\t\t<figure  class=\"w-100\"><\/figure>\t\t\t\t<\/figure>\n\t\t\t\t<span class=\"lqd-pf-overlay-bg lqd-overlay d-flex align-items-center justify-content-center\">\n\t\t\t\t<\/span>\n\t\t\t<\/div>\n\n\t\t\t<div class=\"lqd-pf-details\">\n\t\t\t\t<div class=\"d-flex justify-content-between\">\n\t\t\t\t\t\t\t\t\t\t<h2 class=\"lqd-pf-title mt-0 align-items-center h5\">Oznaka kvalitete \u2013 Europske snage solidarnosti<\/h2>\t\t\t\t\t\t\t\t\t<\/div>\n\t\t\t\t<ul class=\"reset-ul inline-nav lqd-pf-cat d-inline-flex pos-rel z-index-2\"><li><a href=\"https:\/\/proni.hr\/en\/kategorija-projekata\/ongoing-projects\/\">Ongoing projects<\/a><\/li><\/ul>\t\t\t<\/div>\n\n\t\t\t<a href=\"https:\/\/proni.hr\/en\/projekti\/oznaka-kvalitete-europske-snage-solidarnosti\/\"  class=\"lqd-overlay lqd-pf-overlay-link lqd-cc-label-trigger\" data-cc-icon-color=\"\"><\/a>\n\t\t<\/div>\n\t<\/article>\n\n<\/div><div class=\"lqd-pf-column col-md-4 col-sm-6 col-xs-12 col-sm-6 col-xs-12 masonry-item ongoing-projects\">\n\n\t<article id=\"post-14611\" class=\"lqd-pf-item lqd-pf-item-style-6 border-radius-6 p-3 pt-4 lqd-pf-dark post-14611 liquid-portfolio type-liquid-portfolio status-publish format-standard hentry liquid-portfolio-category-ongoing-projects\">\n\t\t<div class=\"lqd-pf-item-inner\">\n\n\t\t\t<div class=\"lqd-pf-img mb-3 pos-rel border-radius-10 overflow-hidden\">\n\t\t\t\t<figure>\n\t\t\t\t\t<figure  class=\"w-100\"><\/figure>\t\t\t\t<\/figure>\n\t\t\t\t<span class=\"lqd-pf-overlay-bg lqd-overlay d-flex align-items-center justify-content-center\">\n\t\t\t\t<\/span>\n\t\t\t<\/div>\n\n\t\t\t<div class=\"lqd-pf-details\">\n\t\t\t\t<div class=\"d-flex justify-content-between\">\n\t\t\t\t\t\t\t\t\t\t<h2 class=\"lqd-pf-title mt-0 align-items-center h5\">Volonterski centar Vukovar<\/h2>\t\t\t\t\t\t\t\t\t<\/div>\n\t\t\t\t<ul class=\"reset-ul inline-nav lqd-pf-cat d-inline-flex pos-rel z-index-2\"><li><a href=\"https:\/\/proni.hr\/en\/kategorija-projekata\/ongoing-projects\/\">Ongoing projects<\/a><\/li><\/ul>\t\t\t<\/div>\n\n\t\t\t<a href=\"https:\/\/proni.hr\/en\/projekti\/volonterski-centar-vukovar\/\"  class=\"lqd-overlay lqd-pf-overlay-link lqd-cc-label-trigger\" data-cc-icon-color=\"\"><\/a>\n\t\t<\/div>\n\t<\/article>\n\n<\/div><div class=\"lqd-pf-column col-md-4 col-sm-6 col-xs-12 col-sm-6 col-xs-12 masonry-item ongoing-projects\">\n\n\t<article id=\"post-14616\" class=\"lqd-pf-item lqd-pf-item-style-6 border-radius-6 p-3 pt-4 lqd-pf-dark post-14616 liquid-portfolio type-liquid-portfolio status-publish format-standard hentry liquid-portfolio-category-ongoing-projects\">\n\t\t<div class=\"lqd-pf-item-inner\">\n\n\t\t\t<div class=\"lqd-pf-img mb-3 pos-rel border-radius-10 overflow-hidden\">\n\t\t\t\t<figure>\n\t\t\t\t\t<figure  class=\"w-100\"><\/figure>\t\t\t\t<\/figure>\n\t\t\t\t<span class=\"lqd-pf-overlay-bg lqd-overlay d-flex align-items-center justify-content-center\">\n\t\t\t\t<\/span>\n\t\t\t<\/div>\n\n\t\t\t<div class=\"lqd-pf-details\">\n\t\t\t\t<div class=\"d-flex justify-content-between\">\n\t\t\t\t\t\t\t\t\t\t<h2 class=\"lqd-pf-title mt-0 align-items-center h5\">Info Centar za mlade Vukovar<\/h2>\t\t\t\t\t\t\t\t\t<\/div>\n\t\t\t\t<ul class=\"reset-ul inline-nav lqd-pf-cat d-inline-flex pos-rel z-index-2\"><li><a href=\"https:\/\/proni.hr\/en\/kategorija-projekata\/ongoing-projects\/\">Ongoing projects<\/a><\/li><\/ul>\t\t\t<\/div>\n\n\t\t\t<a href=\"https:\/\/proni.hr\/en\/projekti\/info-centar-za-mlade-vukovar\/\"  class=\"lqd-overlay lqd-pf-overlay-link lqd-cc-label-trigger\" data-cc-icon-color=\"\"><\/a>\n\t\t<\/div>\n\t<\/article>\n\n<\/div><div class=\"lqd-pf-column col-md-4 col-sm-6 col-xs-12 col-sm-6 col-xs-12 masonry-item ongoing-projects\">\n\n\t<article id=\"post-14618\" class=\"lqd-pf-item lqd-pf-item-style-6 border-radius-6 p-3 pt-4 lqd-pf-dark post-14618 liquid-portfolio type-liquid-portfolio status-publish format-standard hentry liquid-portfolio-category-ongoing-projects\">\n\t\t<div class=\"lqd-pf-item-inner\">\n\n\t\t\t<div class=\"lqd-pf-img mb-3 pos-rel border-radius-10 overflow-hidden\">\n\t\t\t\t<figure>\n\t\t\t\t\t<figure  class=\"w-100\"><\/figure>\t\t\t\t<\/figure>\n\t\t\t\t<span class=\"lqd-pf-overlay-bg lqd-overlay d-flex align-items-center justify-content-center\">\n\t\t\t\t<\/span>\n\t\t\t<\/div>\n\n\t\t\t<div class=\"lqd-pf-details\">\n\t\t\t\t<div class=\"d-flex justify-content-between\">\n\t\t\t\t\t\t\t\t\t\t<h2 class=\"lqd-pf-title mt-0 align-items-center h5\">Regionalni info-centar za mlade Osijek<\/h2>\t\t\t\t\t\t\t\t\t<\/div>\n\t\t\t\t<ul class=\"reset-ul inline-nav lqd-pf-cat d-inline-flex pos-rel z-index-2\"><li><a href=\"https:\/\/proni.hr\/en\/kategorija-projekata\/ongoing-projects\/\">Ongoing projects<\/a><\/li><\/ul>\t\t\t<\/div>\n\n\t\t\t<a href=\"https:\/\/proni.hr\/en\/projekti\/regionalni-info-centar-za-mlade-osijek\/\"  class=\"lqd-overlay lqd-pf-overlay-link lqd-cc-label-trigger\" data-cc-icon-color=\"\"><\/a>\n\t\t<\/div>\n\t<\/article>\n\n<\/div><\/div><\/div>\t\t\t\t<\/div>\n\t\t\t\t<\/div>\n\t\t\t\t\t<\/div>\n\t\t<\/div>\n\t\t\t\t\t<\/div>\n\t\t<\/section>\n\t\t\t\t<section data-custom-animations=\"true\" data-ca-options=\"{&quot;addChildTimelines&quot;:false,&quot;animationTarget&quot;:&quot;:scope &gt; .elementor-container &gt; .elementor-column&quot;,&quot;ease&quot;:[&quot;power4.out&quot;],&quot;initValues&quot;:{&quot;opacity&quot;:0},&quot;animations&quot;:{&quot;opacity&quot;:1}}\" class=\"elementor-section elementor-top-section elementor-element elementor-element-f6eb2d8 elementor-section-boxed elementor-section-height-default elementor-section-height-default\" data-id=\"f6eb2d8\" data-element_type=\"section\" data-e-type=\"section\">\n\t\t\t\t\t\t<div class=\"elementor-container elementor-column-gap-default\">\n\t\t\t\t\t<div class=\"elementor-column elementor-col-100 elementor-top-column elementor-element elementor-element-10eb88f\" data-id=\"10eb88f\" data-element_type=\"column\" data-e-type=\"column\">\n\t\t\t<div class=\"elementor-widget-wrap elementor-element-populated\">\n\t\t\t\t\t\t<div class=\"elementor-element elementor-element-5a34fc7 elementor-widget elementor-widget-hub_fancy_heading\" data-id=\"5a34fc7\" data-element_type=\"widget\" data-e-type=\"widget\" data-widget_type=\"hub_fancy_heading.default\">\n\t\t\t\t<div class=\"elementor-widget-container\">\n\t\t\t\t\t\n\t\t<div id=\"ld-fancy-heading-69f1904d9ba72\" class=\"ld-fancy-heading pos-rel\">\n\t\t\t<h2 class=\"ld-fh-element d-inline-block pos-rel  elementor-heading-title lqd-highlight-classic lqd-highlight-grow-left h2\"  > Projekti koju su iza\nnas.<\/h2>\t\t<\/div>\n\n\t\t\t\t\t\t<\/div>\n\t\t\t\t<\/div>\n\t\t\t\t<div class=\"elementor-element elementor-element-fd8f793 elementor-widget elementor-widget-hub_fancy_heading\" data-id=\"fd8f793\" data-element_type=\"widget\" data-e-type=\"widget\" data-widget_type=\"hub_fancy_heading.default\">\n\t\t\t\t<div class=\"elementor-widget-container\">\n\t\t\t\t\t\n\t\t<div id=\"ld-fancy-heading-69f1904d9c5ea\" class=\"ld-fancy-heading pos-rel\">\n\t\t\t<span class=\"ld-fh-element d-inline-block pos-rel  lqd-highlight-classic lqd-highlight-grow-left span\"  > Pogledajte \u0161to smo sve\nradili proteklih\ngodina<\/span>\t\t<\/div>\n\n\t\t\t\t\t\t<\/div>\n\t\t\t\t<\/div>\n\t\t\t\t<div class=\"elementor-element elementor-element-4db968b elementor-widget elementor-widget-ld_portfolio\" data-id=\"4db968b\" data-element_type=\"widget\" data-e-type=\"widget\" data-widget_type=\"ld_portfolio.default\">\n\t\t\t\t<div class=\"elementor-widget-container\">\n\t\t\t\t\t<div class=\"lqd-pf-grid lqd-pf-grid-4db968b\"><div id=\"lqd-pf-grid-4db968b\" class=\"lqd-pf-row row d-flex flex-wrap lqd-pf-grid-4db968b\" data-liquid-masonry=\"true\" data-masonry-options='{ \"layoutMode\": \"packery\" }'><div class=\"lqd-pf-column col-md-4 col-sm-6 col-xs-12 col-sm-6 col-xs-12 masonry-item projects-that-are-behind-us\">\n\n\t<article id=\"post-14594\" class=\"lqd-pf-item lqd-pf-item-style-6 border-radius-6 p-3 pt-4 lqd-pf-dark post-14594 liquid-portfolio type-liquid-portfolio status-publish format-standard hentry liquid-portfolio-category-projects-that-are-behind-us\">\n\t\t<div class=\"lqd-pf-item-inner\">\n\n\t\t\t<div class=\"lqd-pf-img mb-3 pos-rel border-radius-10 overflow-hidden\">\n\t\t\t\t<figure>\n\t\t\t\t\t<figure  class=\"w-100\"><\/figure>\t\t\t\t<\/figure>\n\t\t\t\t<span class=\"lqd-pf-overlay-bg lqd-overlay d-flex align-items-center justify-content-center\">\n\t\t\t\t<\/span>\n\t\t\t<\/div>\n\n\t\t\t<div class=\"lqd-pf-details\">\n\t\t\t\t<div class=\"d-flex justify-content-between\">\n\t\t\t\t\t\t\t\t\t\t<h2 class=\"lqd-pf-title mt-0 align-items-center h5\">Projekt EUvizija<\/h2>\t\t\t\t\t\t\t\t\t<\/div>\n\t\t\t\t<ul class=\"reset-ul inline-nav lqd-pf-cat lqd-lp-cat d-inline-flex pos-rel z-index-2\"><li><a href=\"https:\/\/proni.hr\/en\/kategorija-projekata\/projects-that-are-behind-us\/\">Projects that are behind us<\/a><\/li><\/ul>\t\t\t<\/div>\n\n\t\t\t<a href=\"https:\/\/proni.hr\/en\/projekti\/projekt-euvizija\/\"  class=\"lqd-overlay lqd-pf-overlay-link lqd-cc-label-trigger\" data-cc-icon-color=\"\"><\/a>\n\t\t<\/div>\n\t<\/article>\n\n<\/div><div class=\"lqd-pf-column col-md-4 col-sm-6 col-xs-12 col-sm-6 col-xs-12 masonry-item projects-that-are-behind-us\">\n\n\t<article id=\"post-14596\" class=\"lqd-pf-item lqd-pf-item-style-6 border-radius-6 p-3 pt-4 lqd-pf-dark post-14596 liquid-portfolio type-liquid-portfolio status-publish format-standard hentry liquid-portfolio-category-projects-that-are-behind-us\">\n\t\t<div class=\"lqd-pf-item-inner\">\n\n\t\t\t<div class=\"lqd-pf-img mb-3 pos-rel border-radius-10 overflow-hidden\">\n\t\t\t\t<figure>\n\t\t\t\t\t<figure  class=\"w-100\"><\/figure>\t\t\t\t<\/figure>\n\t\t\t\t<span class=\"lqd-pf-overlay-bg lqd-overlay d-flex align-items-center justify-content-center\">\n\t\t\t\t<\/span>\n\t\t\t<\/div>\n\n\t\t\t<div class=\"lqd-pf-details\">\n\t\t\t\t<div class=\"d-flex justify-content-between\">\n\t\t\t\t\t\t\t\t\t\t<h2 class=\"lqd-pf-title mt-0 align-items-center h5\">Moja inkluzivna zajednica<\/h2>\t\t\t\t\t\t\t\t\t<\/div>\n\t\t\t\t<ul class=\"reset-ul inline-nav lqd-pf-cat lqd-lp-cat d-inline-flex pos-rel z-index-2\"><li><a href=\"https:\/\/proni.hr\/en\/kategorija-projekata\/projects-that-are-behind-us\/\">Projects that are behind us<\/a><\/li><\/ul>\t\t\t<\/div>\n\n\t\t\t<a href=\"https:\/\/proni.hr\/en\/projekti\/moja-inkluzivna-zajednica\/\"  class=\"lqd-overlay lqd-pf-overlay-link lqd-cc-label-trigger\" data-cc-icon-color=\"\"><\/a>\n\t\t<\/div>\n\t<\/article>\n\n<\/div><div class=\"lqd-pf-column col-md-4 col-sm-6 col-xs-12 col-sm-6 col-xs-12 masonry-item projects-that-are-behind-us\">\n\n\t<article id=\"post-14599\" class=\"lqd-pf-item lqd-pf-item-style-6 border-radius-6 p-3 pt-4 lqd-pf-dark post-14599 liquid-portfolio type-liquid-portfolio status-publish format-standard hentry liquid-portfolio-category-projects-that-are-behind-us\">\n\t\t<div class=\"lqd-pf-item-inner\">\n\n\t\t\t<div class=\"lqd-pf-img mb-3 pos-rel border-radius-10 overflow-hidden\">\n\t\t\t\t<figure>\n\t\t\t\t\t<figure  class=\"w-100\"><\/figure>\t\t\t\t<\/figure>\n\t\t\t\t<span class=\"lqd-pf-overlay-bg lqd-overlay d-flex align-items-center justify-content-center\">\n\t\t\t\t<\/span>\n\t\t\t<\/div>\n\n\t\t\t<div class=\"lqd-pf-details\">\n\t\t\t\t<div class=\"d-flex justify-content-between\">\n\t\t\t\t\t\t\t\t\t\t<h2 class=\"lqd-pf-title mt-0 align-items-center h5\">Zajedno bolji<\/h2>\t\t\t\t\t\t\t\t\t<\/div>\n\t\t\t\t<ul class=\"reset-ul inline-nav lqd-pf-cat lqd-lp-cat d-inline-flex pos-rel z-index-2\"><li><a href=\"https:\/\/proni.hr\/en\/kategorija-projekata\/projects-that-are-behind-us\/\">Projects that are behind us<\/a><\/li><\/ul>\t\t\t<\/div>\n\n\t\t\t<a href=\"https:\/\/proni.hr\/en\/projekti\/zajedno-bolji\/\"  class=\"lqd-overlay lqd-pf-overlay-link lqd-cc-label-trigger\" data-cc-icon-color=\"\"><\/a>\n\t\t<\/div>\n\t<\/article>\n\n<\/div><div class=\"lqd-pf-column col-md-4 col-sm-6 col-xs-12 col-sm-6 col-xs-12 masonry-item projects-that-are-behind-us\">\n\n\t<article id=\"post-14614\" class=\"lqd-pf-item lqd-pf-item-style-6 border-radius-6 p-3 pt-4 lqd-pf-dark post-14614 liquid-portfolio type-liquid-portfolio status-publish format-standard hentry liquid-portfolio-category-projects-that-are-behind-us\">\n\t\t<div class=\"lqd-pf-item-inner\">\n\n\t\t\t<div class=\"lqd-pf-img mb-3 pos-rel border-radius-10 overflow-hidden\">\n\t\t\t\t<figure>\n\t\t\t\t\t<figure  class=\"w-100\"><\/figure>\t\t\t\t<\/figure>\n\t\t\t\t<span class=\"lqd-pf-overlay-bg lqd-overlay d-flex align-items-center justify-content-center\">\n\t\t\t\t<\/span>\n\t\t\t<\/div>\n\n\t\t\t<div class=\"lqd-pf-details\">\n\t\t\t\t<div class=\"d-flex justify-content-between\">\n\t\t\t\t\t\t\t\t\t\t<h2 class=\"lqd-pf-title mt-0 align-items-center h5\">Mladi, kako ste?<\/h2>\t\t\t\t\t\t\t\t\t<\/div>\n\t\t\t\t<ul class=\"reset-ul inline-nav lqd-pf-cat lqd-lp-cat d-inline-flex pos-rel z-index-2\"><li><a href=\"https:\/\/proni.hr\/en\/kategorija-projekata\/projects-that-are-behind-us\/\">Projects that are behind us<\/a><\/li><\/ul>\t\t\t<\/div>\n\n\t\t\t<a href=\"https:\/\/proni.hr\/en\/projekti\/mladi-kako-ste\/\"  class=\"lqd-overlay lqd-pf-overlay-link lqd-cc-label-trigger\" data-cc-icon-color=\"\"><\/a>\n\t\t<\/div>\n\t<\/article>\n\n<\/div><div class=\"lqd-pf-column col-md-4 col-sm-6 col-xs-12 col-sm-6 col-xs-12 masonry-item projects-that-are-behind-us\">\n\n\t<article id=\"post-14621\" class=\"lqd-pf-item lqd-pf-item-style-6 border-radius-6 p-3 pt-4 lqd-pf-dark post-14621 liquid-portfolio type-liquid-portfolio status-publish format-standard hentry liquid-portfolio-category-projects-that-are-behind-us\">\n\t\t<div class=\"lqd-pf-item-inner\">\n\n\t\t\t<div class=\"lqd-pf-img mb-3 pos-rel border-radius-10 overflow-hidden\">\n\t\t\t\t<figure>\n\t\t\t\t\t<figure  class=\"w-100\"><\/figure>\t\t\t\t<\/figure>\n\t\t\t\t<span class=\"lqd-pf-overlay-bg lqd-overlay d-flex align-items-center justify-content-center\">\n\t\t\t\t<\/span>\n\t\t\t<\/div>\n\n\t\t\t<div class=\"lqd-pf-details\">\n\t\t\t\t<div class=\"d-flex justify-content-between\">\n\t\t\t\t\t\t\t\t\t\t<h2 class=\"lqd-pf-title mt-0 align-items-center h5\">Svjesno-zajedno<\/h2>\t\t\t\t\t\t\t\t\t<\/div>\n\t\t\t\t<ul class=\"reset-ul inline-nav lqd-pf-cat lqd-lp-cat d-inline-flex pos-rel z-index-2\"><li><a href=\"https:\/\/proni.hr\/en\/kategorija-projekata\/projects-that-are-behind-us\/\">Projects that are behind us<\/a><\/li><\/ul>\t\t\t<\/div>\n\n\t\t\t<a href=\"https:\/\/proni.hr\/en\/projekti\/svjesno-zajedno\/\"  class=\"lqd-overlay lqd-pf-overlay-link lqd-cc-label-trigger\" data-cc-icon-color=\"\"><\/a>\n\t\t<\/div>\n\t<\/article>\n\n<\/div><div class=\"lqd-pf-column col-md-4 col-sm-6 col-xs-12 col-sm-6 col-xs-12 masonry-item projects-that-are-behind-us\">\n\n\t<article id=\"post-14624\" class=\"lqd-pf-item lqd-pf-item-style-6 border-radius-6 p-3 pt-4 lqd-pf-dark post-14624 liquid-portfolio type-liquid-portfolio status-publish format-standard hentry liquid-portfolio-category-projects-that-are-behind-us\">\n\t\t<div class=\"lqd-pf-item-inner\">\n\n\t\t\t<div class=\"lqd-pf-img mb-3 pos-rel border-radius-10 overflow-hidden\">\n\t\t\t\t<figure>\n\t\t\t\t\t<figure  class=\"w-100\"><\/figure>\t\t\t\t<\/figure>\n\t\t\t\t<span class=\"lqd-pf-overlay-bg lqd-overlay d-flex align-items-center justify-content-center\">\n\t\t\t\t<\/span>\n\t\t\t<\/div>\n\n\t\t\t<div class=\"lqd-pf-details\">\n\t\t\t\t<div class=\"d-flex justify-content-between\">\n\t\t\t\t\t\t\t\t\t\t<h2 class=\"lqd-pf-title mt-0 align-items-center h5\">Nove mogu\u0107nosti<\/h2>\t\t\t\t\t\t\t\t\t<\/div>\n\t\t\t\t<ul class=\"reset-ul inline-nav lqd-pf-cat lqd-lp-cat d-inline-flex pos-rel z-index-2\"><li><a href=\"https:\/\/proni.hr\/en\/kategorija-projekata\/projects-that-are-behind-us\/\">Projects that are behind us<\/a><\/li><\/ul>\t\t\t<\/div>\n\n\t\t\t<a href=\"https:\/\/proni.hr\/en\/projekti\/nove-mogucnosti\/\"  class=\"lqd-overlay lqd-pf-overlay-link lqd-cc-label-trigger\" data-cc-icon-color=\"\"><\/a>\n\t\t<\/div>\n\t<\/article>\n\n<\/div><div class=\"lqd-pf-column col-md-4 col-sm-6 col-xs-12 col-sm-6 col-xs-12 masonry-item projects-that-are-behind-us\">\n\n\t<article id=\"post-14627\" class=\"lqd-pf-item lqd-pf-item-style-6 border-radius-6 p-3 pt-4 lqd-pf-dark post-14627 liquid-portfolio type-liquid-portfolio status-publish format-standard hentry liquid-portfolio-category-projects-that-are-behind-us\">\n\t\t<div class=\"lqd-pf-item-inner\">\n\n\t\t\t<div class=\"lqd-pf-img mb-3 pos-rel border-radius-10 overflow-hidden\">\n\t\t\t\t<figure>\n\t\t\t\t\t<figure  class=\"w-100\"><\/figure>\t\t\t\t<\/figure>\n\t\t\t\t<span class=\"lqd-pf-overlay-bg lqd-overlay d-flex align-items-center justify-content-center\">\n\t\t\t\t<\/span>\n\t\t\t<\/div>\n\n\t\t\t<div class=\"lqd-pf-details\">\n\t\t\t\t<div class=\"d-flex justify-content-between\">\n\t\t\t\t\t\t\t\t\t\t<h2 class=\"lqd-pf-title mt-0 align-items-center h5\">Budimo inkluzivni!<\/h2>\t\t\t\t\t\t\t\t\t<\/div>\n\t\t\t\t<ul class=\"reset-ul inline-nav lqd-pf-cat lqd-lp-cat d-inline-flex pos-rel z-index-2\"><li><a href=\"https:\/\/proni.hr\/en\/kategorija-projekata\/projects-that-are-behind-us\/\">Projects that are behind us<\/a><\/li><\/ul>\t\t\t<\/div>\n\n\t\t\t<a href=\"https:\/\/proni.hr\/en\/projekti\/budimo-inkluzivni\/\"  class=\"lqd-overlay lqd-pf-overlay-link lqd-cc-label-trigger\" data-cc-icon-color=\"\"><\/a>\n\t\t<\/div>\n\t<\/article>\n\n<\/div><div class=\"lqd-pf-column col-md-4 col-sm-6 col-xs-12 col-sm-6 col-xs-12 masonry-item projects-that-are-behind-us\">\n\n\t<article id=\"post-14628\" class=\"lqd-pf-item lqd-pf-item-style-6 border-radius-6 p-3 pt-4 lqd-pf-dark post-14628 liquid-portfolio type-liquid-portfolio status-publish format-standard hentry liquid-portfolio-category-projects-that-are-behind-us\">\n\t\t<div class=\"lqd-pf-item-inner\">\n\n\t\t\t<div class=\"lqd-pf-img mb-3 pos-rel border-radius-10 overflow-hidden\">\n\t\t\t\t<figure>\n\t\t\t\t\t<figure  class=\"w-100\"><\/figure>\t\t\t\t<\/figure>\n\t\t\t\t<span class=\"lqd-pf-overlay-bg lqd-overlay d-flex align-items-center justify-content-center\">\n\t\t\t\t<\/span>\n\t\t\t<\/div>\n\n\t\t\t<div class=\"lqd-pf-details\">\n\t\t\t\t<div class=\"d-flex justify-content-between\">\n\t\t\t\t\t\t\t\t\t\t<h2 class=\"lqd-pf-title mt-0 align-items-center h5\">Radius V<\/h2>\t\t\t\t\t\t\t\t\t<\/div>\n\t\t\t\t<ul class=\"reset-ul inline-nav lqd-pf-cat lqd-lp-cat d-inline-flex pos-rel z-index-2\"><li><a href=\"https:\/\/proni.hr\/en\/kategorija-projekata\/projects-that-are-behind-us\/\">Projects that are behind us<\/a><\/li><\/ul>\t\t\t<\/div>\n\n\t\t\t<a href=\"https:\/\/proni.hr\/en\/projekti\/radius-v\/\"  class=\"lqd-overlay lqd-pf-overlay-link lqd-cc-label-trigger\" data-cc-icon-color=\"\"><\/a>\n\t\t<\/div>\n\t<\/article>\n\n<\/div><div class=\"lqd-pf-column col-md-4 col-sm-6 col-xs-12 col-sm-6 col-xs-12 masonry-item projects-that-are-behind-us\">\n\n\t<article id=\"post-14632\" class=\"lqd-pf-item lqd-pf-item-style-6 border-radius-6 p-3 pt-4 lqd-pf-dark post-14632 liquid-portfolio type-liquid-portfolio status-publish format-standard hentry liquid-portfolio-category-projects-that-are-behind-us\">\n\t\t<div class=\"lqd-pf-item-inner\">\n\n\t\t\t<div class=\"lqd-pf-img mb-3 pos-rel border-radius-10 overflow-hidden\">\n\t\t\t\t<figure>\n\t\t\t\t\t<figure  class=\"w-100\"><\/figure>\t\t\t\t<\/figure>\n\t\t\t\t<span class=\"lqd-pf-overlay-bg lqd-overlay d-flex align-items-center justify-content-center\">\n\t\t\t\t<\/span>\n\t\t\t<\/div>\n\n\t\t\t<div class=\"lqd-pf-details\">\n\t\t\t\t<div class=\"d-flex justify-content-between\">\n\t\t\t\t\t\t\t\t\t\t<h2 class=\"lqd-pf-title mt-0 align-items-center h5\">Zemlja i mi<\/h2>\t\t\t\t\t\t\t\t\t<\/div>\n\t\t\t\t<ul class=\"reset-ul inline-nav lqd-pf-cat lqd-lp-cat d-inline-flex pos-rel z-index-2\"><li><a href=\"https:\/\/proni.hr\/en\/kategorija-projekata\/projects-that-are-behind-us\/\">Projects that are behind us<\/a><\/li><\/ul>\t\t\t<\/div>\n\n\t\t\t<a href=\"https:\/\/proni.hr\/en\/projekti\/zemlja-i-mi\/\"  class=\"lqd-overlay lqd-pf-overlay-link lqd-cc-label-trigger\" data-cc-icon-color=\"\"><\/a>\n\t\t<\/div>\n\t<\/article>\n\n<\/div><div class=\"lqd-pf-column col-md-4 col-sm-6 col-xs-12 col-sm-6 col-xs-12 masonry-item projects-that-are-behind-us\">\n\n\t<article id=\"post-14635\" class=\"lqd-pf-item lqd-pf-item-style-6 border-radius-6 p-3 pt-4 lqd-pf-dark post-14635 liquid-portfolio type-liquid-portfolio status-publish format-standard hentry liquid-portfolio-category-projects-that-are-behind-us\">\n\t\t<div class=\"lqd-pf-item-inner\">\n\n\t\t\t<div class=\"lqd-pf-img mb-3 pos-rel border-radius-10 overflow-hidden\">\n\t\t\t\t<figure>\n\t\t\t\t\t<figure  class=\"w-100\"><\/figure>\t\t\t\t<\/figure>\n\t\t\t\t<span class=\"lqd-pf-overlay-bg lqd-overlay d-flex align-items-center justify-content-center\">\n\t\t\t\t<\/span>\n\t\t\t<\/div>\n\n\t\t\t<div class=\"lqd-pf-details\">\n\t\t\t\t<div class=\"d-flex justify-content-between\">\n\t\t\t\t\t\t\t\t\t\t<h2 class=\"lqd-pf-title mt-0 align-items-center h5\">Igre protiv podvala<\/h2>\t\t\t\t\t\t\t\t\t<\/div>\n\t\t\t\t<ul class=\"reset-ul inline-nav lqd-pf-cat lqd-lp-cat d-inline-flex pos-rel z-index-2\"><li><a href=\"https:\/\/proni.hr\/en\/kategorija-projekata\/projects-that-are-behind-us\/\">Projects that are behind us<\/a><\/li><\/ul>\t\t\t<\/div>\n\n\t\t\t<a href=\"https:\/\/proni.hr\/en\/projekti\/igre-protiv-podvala\/\"  class=\"lqd-overlay lqd-pf-overlay-link lqd-cc-label-trigger\" data-cc-icon-color=\"\"><\/a>\n\t\t<\/div>\n\t<\/article>\n\n<\/div><div class=\"lqd-pf-column col-md-4 col-sm-6 col-xs-12 col-sm-6 col-xs-12 masonry-item projects-that-are-behind-us\">\n\n\t<article id=\"post-14637\" class=\"lqd-pf-item lqd-pf-item-style-6 border-radius-6 p-3 pt-4 lqd-pf-dark post-14637 liquid-portfolio type-liquid-portfolio status-publish format-standard hentry liquid-portfolio-category-projects-that-are-behind-us\">\n\t\t<div class=\"lqd-pf-item-inner\">\n\n\t\t\t<div class=\"lqd-pf-img mb-3 pos-rel border-radius-10 overflow-hidden\">\n\t\t\t\t<figure>\n\t\t\t\t\t<figure  class=\"w-100\"><\/figure>\t\t\t\t<\/figure>\n\t\t\t\t<span class=\"lqd-pf-overlay-bg lqd-overlay d-flex align-items-center justify-content-center\">\n\t\t\t\t<\/span>\n\t\t\t<\/div>\n\n\t\t\t<div class=\"lqd-pf-details\">\n\t\t\t\t<div class=\"d-flex justify-content-between\">\n\t\t\t\t\t\t\t\t\t\t<h2 class=\"lqd-pf-title mt-0 align-items-center h5\">Projekt \u201cProna\u0111ena NEET\u201d<\/h2>\t\t\t\t\t\t\t\t\t<\/div>\n\t\t\t\t<ul class=\"reset-ul inline-nav lqd-pf-cat lqd-lp-cat d-inline-flex pos-rel z-index-2\"><li><a href=\"https:\/\/proni.hr\/en\/kategorija-projekata\/projects-that-are-behind-us\/\">Projects that are behind us<\/a><\/li><\/ul>\t\t\t<\/div>\n\n\t\t\t<a href=\"https:\/\/proni.hr\/en\/projekti\/projekt-pronadena-neet\/\"  class=\"lqd-overlay lqd-pf-overlay-link lqd-cc-label-trigger\" data-cc-icon-color=\"\"><\/a>\n\t\t<\/div>\n\t<\/article>\n\n<\/div><div class=\"lqd-pf-column col-md-4 col-sm-6 col-xs-12 col-sm-6 col-xs-12 masonry-item projects-that-are-behind-us\">\n\n\t<article id=\"post-14640\" class=\"lqd-pf-item lqd-pf-item-style-6 border-radius-6 p-3 pt-4 lqd-pf-dark post-14640 liquid-portfolio type-liquid-portfolio status-publish format-standard hentry liquid-portfolio-category-projects-that-are-behind-us\">\n\t\t<div class=\"lqd-pf-item-inner\">\n\n\t\t\t<div class=\"lqd-pf-img mb-3 pos-rel border-radius-10 overflow-hidden\">\n\t\t\t\t<figure>\n\t\t\t\t\t<figure  class=\"w-100\"><\/figure>\t\t\t\t<\/figure>\n\t\t\t\t<span class=\"lqd-pf-overlay-bg lqd-overlay d-flex align-items-center justify-content-center\">\n\t\t\t\t<\/span>\n\t\t\t<\/div>\n\n\t\t\t<div class=\"lqd-pf-details\">\n\t\t\t\t<div class=\"d-flex justify-content-between\">\n\t\t\t\t\t\t\t\t\t\t<h2 class=\"lqd-pf-title mt-0 align-items-center h5\">Putevima ekolo\u0161ke renesanse<\/h2>\t\t\t\t\t\t\t\t\t<\/div>\n\t\t\t\t<ul class=\"reset-ul inline-nav lqd-pf-cat lqd-lp-cat d-inline-flex pos-rel z-index-2\"><li><a href=\"https:\/\/proni.hr\/en\/kategorija-projekata\/projects-that-are-behind-us\/\">Projects that are behind us<\/a><\/li><\/ul>\t\t\t<\/div>\n\n\t\t\t<a href=\"https:\/\/proni.hr\/en\/projekti\/putevima-ekoloske-renesanse\/\"  class=\"lqd-overlay lqd-pf-overlay-link lqd-cc-label-trigger\" data-cc-icon-color=\"\"><\/a>\n\t\t<\/div>\n\t<\/article>\n\n<\/div><div class=\"lqd-pf-column col-md-4 col-sm-6 col-xs-12 col-sm-6 col-xs-12 masonry-item projects-that-are-behind-us\">\n\n\t<article id=\"post-14643\" class=\"lqd-pf-item lqd-pf-item-style-6 border-radius-6 p-3 pt-4 lqd-pf-dark post-14643 liquid-portfolio type-liquid-portfolio status-publish format-standard hentry liquid-portfolio-category-projects-that-are-behind-us\">\n\t\t<div class=\"lqd-pf-item-inner\">\n\n\t\t\t<div class=\"lqd-pf-img mb-3 pos-rel border-radius-10 overflow-hidden\">\n\t\t\t\t<figure>\n\t\t\t\t\t<figure  class=\"w-100\"><\/figure>\t\t\t\t<\/figure>\n\t\t\t\t<span class=\"lqd-pf-overlay-bg lqd-overlay d-flex align-items-center justify-content-center\">\n\t\t\t\t<\/span>\n\t\t\t<\/div>\n\n\t\t\t<div class=\"lqd-pf-details\">\n\t\t\t\t<div class=\"d-flex justify-content-between\">\n\t\t\t\t\t\t\t\t\t\t<h2 class=\"lqd-pf-title mt-0 align-items-center h5\">Moja inkluzivna zajednica!<\/h2>\t\t\t\t\t\t\t\t\t<\/div>\n\t\t\t\t<ul class=\"reset-ul inline-nav lqd-pf-cat lqd-lp-cat d-inline-flex pos-rel z-index-2\"><li><a href=\"https:\/\/proni.hr\/en\/kategorija-projekata\/projects-that-are-behind-us\/\">Projects that are behind us<\/a><\/li><\/ul>\t\t\t<\/div>\n\n\t\t\t<a href=\"https:\/\/proni.hr\/en\/projekti\/moja-inkluzivna-zajednica-2\/\"  class=\"lqd-overlay lqd-pf-overlay-link lqd-cc-label-trigger\" data-cc-icon-color=\"\"><\/a>\n\t\t<\/div>\n\t<\/article>\n\n<\/div><div class=\"lqd-pf-column col-md-4 col-sm-6 col-xs-12 col-sm-6 col-xs-12 masonry-item projects-that-are-behind-us\">\n\n\t<article id=\"post-14646\" class=\"lqd-pf-item lqd-pf-item-style-6 border-radius-6 p-3 pt-4 lqd-pf-dark post-14646 liquid-portfolio type-liquid-portfolio status-publish format-standard hentry liquid-portfolio-category-projects-that-are-behind-us\">\n\t\t<div class=\"lqd-pf-item-inner\">\n\n\t\t\t<div class=\"lqd-pf-img mb-3 pos-rel border-radius-10 overflow-hidden\">\n\t\t\t\t<figure>\n\t\t\t\t\t<figure  class=\"w-100\"><\/figure>\t\t\t\t<\/figure>\n\t\t\t\t<span class=\"lqd-pf-overlay-bg lqd-overlay d-flex align-items-center justify-content-center\">\n\t\t\t\t<\/span>\n\t\t\t<\/div>\n\n\t\t\t<div class=\"lqd-pf-details\">\n\t\t\t\t<div class=\"d-flex justify-content-between\">\n\t\t\t\t\t\t\t\t\t\t<h2 class=\"lqd-pf-title mt-0 align-items-center h5\">Mladi za grad<\/h2>\t\t\t\t\t\t\t\t\t<\/div>\n\t\t\t\t<ul class=\"reset-ul inline-nav lqd-pf-cat lqd-lp-cat d-inline-flex pos-rel z-index-2\"><li><a href=\"https:\/\/proni.hr\/en\/kategorija-projekata\/projects-that-are-behind-us\/\">Projects that are behind us<\/a><\/li><\/ul>\t\t\t<\/div>\n\n\t\t\t<a href=\"https:\/\/proni.hr\/en\/projekti\/mladi-za-grad\/\"  class=\"lqd-overlay lqd-pf-overlay-link lqd-cc-label-trigger\" data-cc-icon-color=\"\"><\/a>\n\t\t<\/div>\n\t<\/article>\n\n<\/div><div class=\"lqd-pf-column col-md-4 col-sm-6 col-xs-12 col-sm-6 col-xs-12 masonry-item projects-that-are-behind-us\">\n\n\t<article id=\"post-14649\" class=\"lqd-pf-item lqd-pf-item-style-6 border-radius-6 p-3 pt-4 lqd-pf-dark post-14649 liquid-portfolio type-liquid-portfolio status-publish format-standard hentry liquid-portfolio-category-projects-that-are-behind-us\">\n\t\t<div class=\"lqd-pf-item-inner\">\n\n\t\t\t<div class=\"lqd-pf-img mb-3 pos-rel border-radius-10 overflow-hidden\">\n\t\t\t\t<figure>\n\t\t\t\t\t<figure  class=\"w-100\"><\/figure>\t\t\t\t<\/figure>\n\t\t\t\t<span class=\"lqd-pf-overlay-bg lqd-overlay d-flex align-items-center justify-content-center\">\n\t\t\t\t<\/span>\n\t\t\t<\/div>\n\n\t\t\t<div class=\"lqd-pf-details\">\n\t\t\t\t<div class=\"d-flex justify-content-between\">\n\t\t\t\t\t\t\t\t\t\t<h2 class=\"lqd-pf-title mt-0 align-items-center h5\">Zajedno ja\u010di<\/h2>\t\t\t\t\t\t\t\t\t<\/div>\n\t\t\t\t<ul class=\"reset-ul inline-nav lqd-pf-cat lqd-lp-cat d-inline-flex pos-rel z-index-2\"><li><a href=\"https:\/\/proni.hr\/en\/kategorija-projekata\/projects-that-are-behind-us\/\">Projects that are behind us<\/a><\/li><\/ul>\t\t\t<\/div>\n\n\t\t\t<a href=\"https:\/\/proni.hr\/en\/projekti\/zajedno-jaci\/\"  class=\"lqd-overlay lqd-pf-overlay-link lqd-cc-label-trigger\" data-cc-icon-color=\"\"><\/a>\n\t\t<\/div>\n\t<\/article>\n\n<\/div><div class=\"lqd-pf-column col-md-4 col-sm-6 col-xs-12 col-sm-6 col-xs-12 masonry-item projects-that-are-behind-us\">\n\n\t<article id=\"post-14652\" class=\"lqd-pf-item lqd-pf-item-style-6 border-radius-6 p-3 pt-4 lqd-pf-dark post-14652 liquid-portfolio type-liquid-portfolio status-publish format-standard hentry liquid-portfolio-category-projects-that-are-behind-us\">\n\t\t<div class=\"lqd-pf-item-inner\">\n\n\t\t\t<div class=\"lqd-pf-img mb-3 pos-rel border-radius-10 overflow-hidden\">\n\t\t\t\t<figure>\n\t\t\t\t\t<figure  class=\"w-100\"><\/figure>\t\t\t\t<\/figure>\n\t\t\t\t<span class=\"lqd-pf-overlay-bg lqd-overlay d-flex align-items-center justify-content-center\">\n\t\t\t\t<\/span>\n\t\t\t<\/div>\n\n\t\t\t<div class=\"lqd-pf-details\">\n\t\t\t\t<div class=\"d-flex justify-content-between\">\n\t\t\t\t\t\t\t\t\t\t<h2 class=\"lqd-pf-title mt-0 align-items-center h5\">PLAN B \u2013 Civilno dru\u0161tvo otporno na krizne situacije<\/h2>\t\t\t\t\t\t\t\t\t<\/div>\n\t\t\t\t<ul class=\"reset-ul inline-nav lqd-pf-cat lqd-lp-cat d-inline-flex pos-rel z-index-2\"><li><a href=\"https:\/\/proni.hr\/en\/kategorija-projekata\/projects-that-are-behind-us\/\">Projects that are behind us<\/a><\/li><\/ul>\t\t\t<\/div>\n\n\t\t\t<a href=\"https:\/\/proni.hr\/en\/projekti\/plan-b-civilno-drustvo-otporno-na-krizne-situacije\/\"  class=\"lqd-overlay lqd-pf-overlay-link lqd-cc-label-trigger\" data-cc-icon-color=\"\"><\/a>\n\t\t<\/div>\n\t<\/article>\n\n<\/div><div class=\"lqd-pf-column col-md-4 col-sm-6 col-xs-12 col-sm-6 col-xs-12 masonry-item projects-that-are-behind-us\">\n\n\t<article id=\"post-14654\" class=\"lqd-pf-item lqd-pf-item-style-6 border-radius-6 p-3 pt-4 lqd-pf-dark post-14654 liquid-portfolio type-liquid-portfolio status-publish format-standard hentry liquid-portfolio-category-projects-that-are-behind-us\">\n\t\t<div class=\"lqd-pf-item-inner\">\n\n\t\t\t<div class=\"lqd-pf-img mb-3 pos-rel border-radius-10 overflow-hidden\">\n\t\t\t\t<figure>\n\t\t\t\t\t<figure  class=\"w-100\"><\/figure>\t\t\t\t<\/figure>\n\t\t\t\t<span class=\"lqd-pf-overlay-bg lqd-overlay d-flex align-items-center justify-content-center\">\n\t\t\t\t<\/span>\n\t\t\t<\/div>\n\n\t\t\t<div class=\"lqd-pf-details\">\n\t\t\t\t<div class=\"d-flex justify-content-between\">\n\t\t\t\t\t\t\t\t\t\t<h2 class=\"lqd-pf-title mt-0 align-items-center h5\">Proaktivna mre\u017ea<\/h2>\t\t\t\t\t\t\t\t\t<\/div>\n\t\t\t\t<ul class=\"reset-ul inline-nav lqd-pf-cat lqd-lp-cat d-inline-flex pos-rel z-index-2\"><li><a href=\"https:\/\/proni.hr\/en\/kategorija-projekata\/projects-that-are-behind-us\/\">Projects that are behind us<\/a><\/li><\/ul>\t\t\t<\/div>\n\n\t\t\t<a href=\"https:\/\/proni.hr\/en\/projekti\/proaktivna-mreza\/\"  class=\"lqd-overlay lqd-pf-overlay-link lqd-cc-label-trigger\" data-cc-icon-color=\"\"><\/a>\n\t\t<\/div>\n\t<\/article>\n\n<\/div><div class=\"lqd-pf-column col-md-4 col-sm-6 col-xs-12 col-sm-6 col-xs-12 masonry-item projects-that-are-behind-us\">\n\n\t<article id=\"post-14657\" class=\"lqd-pf-item lqd-pf-item-style-6 border-radius-6 p-3 pt-4 lqd-pf-dark post-14657 liquid-portfolio type-liquid-portfolio status-publish format-standard hentry liquid-portfolio-category-projects-that-are-behind-us\">\n\t\t<div class=\"lqd-pf-item-inner\">\n\n\t\t\t<div class=\"lqd-pf-img mb-3 pos-rel border-radius-10 overflow-hidden\">\n\t\t\t\t<figure>\n\t\t\t\t\t<figure  class=\"w-100\"><\/figure>\t\t\t\t<\/figure>\n\t\t\t\t<span class=\"lqd-pf-overlay-bg lqd-overlay d-flex align-items-center justify-content-center\">\n\t\t\t\t<\/span>\n\t\t\t<\/div>\n\n\t\t\t<div class=\"lqd-pf-details\">\n\t\t\t\t<div class=\"d-flex justify-content-between\">\n\t\t\t\t\t\t\t\t\t\t<h2 class=\"lqd-pf-title mt-0 align-items-center h5\">Digit Yourself<\/h2>\t\t\t\t\t\t\t\t\t<\/div>\n\t\t\t\t<ul class=\"reset-ul inline-nav lqd-pf-cat lqd-lp-cat d-inline-flex pos-rel z-index-2\"><li><a href=\"https:\/\/proni.hr\/en\/kategorija-projekata\/projects-that-are-behind-us\/\">Projects that are behind us<\/a><\/li><\/ul>\t\t\t<\/div>\n\n\t\t\t<a href=\"https:\/\/proni.hr\/en\/projekti\/digit-yourself\/\"  class=\"lqd-overlay lqd-pf-overlay-link lqd-cc-label-trigger\" data-cc-icon-color=\"\"><\/a>\n\t\t<\/div>\n\t<\/article>\n\n<\/div><div class=\"lqd-pf-column col-md-4 col-sm-6 col-xs-12 col-sm-6 col-xs-12 masonry-item projects-that-are-behind-us\">\n\n\t<article id=\"post-14660\" class=\"lqd-pf-item lqd-pf-item-style-6 border-radius-6 p-3 pt-4 lqd-pf-dark post-14660 liquid-portfolio type-liquid-portfolio status-publish format-standard hentry liquid-portfolio-category-projects-that-are-behind-us\">\n\t\t<div class=\"lqd-pf-item-inner\">\n\n\t\t\t<div class=\"lqd-pf-img mb-3 pos-rel border-radius-10 overflow-hidden\">\n\t\t\t\t<figure>\n\t\t\t\t\t<figure  class=\"w-100\"><\/figure>\t\t\t\t<\/figure>\n\t\t\t\t<span class=\"lqd-pf-overlay-bg lqd-overlay d-flex align-items-center justify-content-center\">\n\t\t\t\t<\/span>\n\t\t\t<\/div>\n\n\t\t\t<div class=\"lqd-pf-details\">\n\t\t\t\t<div class=\"d-flex justify-content-between\">\n\t\t\t\t\t\t\t\t\t\t<h2 class=\"lqd-pf-title mt-0 align-items-center h5\">All about youth<\/h2>\t\t\t\t\t\t\t\t\t<\/div>\n\t\t\t\t<ul class=\"reset-ul inline-nav lqd-pf-cat lqd-lp-cat d-inline-flex pos-rel z-index-2\"><li><a href=\"https:\/\/proni.hr\/en\/kategorija-projekata\/projects-that-are-behind-us\/\">Projects that are behind us<\/a><\/li><\/ul>\t\t\t<\/div>\n\n\t\t\t<a href=\"https:\/\/proni.hr\/en\/projekti\/all-about-youth\/\"  class=\"lqd-overlay lqd-pf-overlay-link lqd-cc-label-trigger\" data-cc-icon-color=\"\"><\/a>\n\t\t<\/div>\n\t<\/article>\n\n<\/div><div class=\"lqd-pf-column col-md-4 col-sm-6 col-xs-12 col-sm-6 col-xs-12 masonry-item projects-that-are-behind-us\">\n\n\t<article id=\"post-14663\" class=\"lqd-pf-item lqd-pf-item-style-6 border-radius-6 p-3 pt-4 lqd-pf-dark post-14663 liquid-portfolio type-liquid-portfolio status-publish format-standard hentry liquid-portfolio-category-projects-that-are-behind-us\">\n\t\t<div class=\"lqd-pf-item-inner\">\n\n\t\t\t<div class=\"lqd-pf-img mb-3 pos-rel border-radius-10 overflow-hidden\">\n\t\t\t\t<figure>\n\t\t\t\t\t<figure  class=\"w-100\"><\/figure>\t\t\t\t<\/figure>\n\t\t\t\t<span class=\"lqd-pf-overlay-bg lqd-overlay d-flex align-items-center justify-content-center\">\n\t\t\t\t<\/span>\n\t\t\t<\/div>\n\n\t\t\t<div class=\"lqd-pf-details\">\n\t\t\t\t<div class=\"d-flex justify-content-between\">\n\t\t\t\t\t\t\t\t\t\t<h2 class=\"lqd-pf-title mt-0 align-items-center h5\">Budi-M-ok! \u2013 podr\u0161ka mentalnom zdravlju<\/h2>\t\t\t\t\t\t\t\t\t<\/div>\n\t\t\t\t<ul class=\"reset-ul inline-nav lqd-pf-cat lqd-lp-cat d-inline-flex pos-rel z-index-2\"><li><a href=\"https:\/\/proni.hr\/en\/kategorija-projekata\/projects-that-are-behind-us\/\">Projects that are behind us<\/a><\/li><\/ul>\t\t\t<\/div>\n\n\t\t\t<a href=\"https:\/\/proni.hr\/en\/projekti\/budi-m-ok-podrska-mentalnom-zdravlju\/\"  class=\"lqd-overlay lqd-pf-overlay-link lqd-cc-label-trigger\" data-cc-icon-color=\"\"><\/a>\n\t\t<\/div>\n\t<\/article>\n\n<\/div><div class=\"lqd-pf-column col-md-4 col-sm-6 col-xs-12 col-sm-6 col-xs-12 masonry-item projects-that-are-behind-us\">\n\n\t<article id=\"post-14666\" class=\"lqd-pf-item lqd-pf-item-style-6 border-radius-6 p-3 pt-4 lqd-pf-dark post-14666 liquid-portfolio type-liquid-portfolio status-publish format-standard hentry liquid-portfolio-category-projects-that-are-behind-us\">\n\t\t<div class=\"lqd-pf-item-inner\">\n\n\t\t\t<div class=\"lqd-pf-img mb-3 pos-rel border-radius-10 overflow-hidden\">\n\t\t\t\t<figure>\n\t\t\t\t\t<figure  class=\"w-100\"><\/figure>\t\t\t\t<\/figure>\n\t\t\t\t<span class=\"lqd-pf-overlay-bg lqd-overlay d-flex align-items-center justify-content-center\">\n\t\t\t\t<\/span>\n\t\t\t<\/div>\n\n\t\t\t<div class=\"lqd-pf-details\">\n\t\t\t\t<div class=\"d-flex justify-content-between\">\n\t\t\t\t\t\t\t\t\t\t<h2 class=\"lqd-pf-title mt-0 align-items-center h5\">Zeleniji, pristupa\u010dniji i viralni Pirovac<\/h2>\t\t\t\t\t\t\t\t\t<\/div>\n\t\t\t\t<ul class=\"reset-ul inline-nav lqd-pf-cat lqd-lp-cat d-inline-flex pos-rel z-index-2\"><li><a href=\"https:\/\/proni.hr\/en\/kategorija-projekata\/projects-that-are-behind-us\/\">Projects that are behind us<\/a><\/li><\/ul>\t\t\t<\/div>\n\n\t\t\t<a href=\"https:\/\/proni.hr\/en\/projekti\/zeleniji-pristupacniji-i-viralni-pirovac\/\"  class=\"lqd-overlay lqd-pf-overlay-link lqd-cc-label-trigger\" data-cc-icon-color=\"\"><\/a>\n\t\t<\/div>\n\t<\/article>\n\n<\/div><div class=\"lqd-pf-column col-md-4 col-sm-6 col-xs-12 col-sm-6 col-xs-12 masonry-item projects-that-are-behind-us\">\n\n\t<article id=\"post-14668\" class=\"lqd-pf-item lqd-pf-item-style-6 border-radius-6 p-3 pt-4 lqd-pf-dark post-14668 liquid-portfolio type-liquid-portfolio status-publish format-standard hentry liquid-portfolio-category-projects-that-are-behind-us\">\n\t\t<div class=\"lqd-pf-item-inner\">\n\n\t\t\t<div class=\"lqd-pf-img mb-3 pos-rel border-radius-10 overflow-hidden\">\n\t\t\t\t<figure>\n\t\t\t\t\t<figure  class=\"w-100\"><\/figure>\t\t\t\t<\/figure>\n\t\t\t\t<span class=\"lqd-pf-overlay-bg lqd-overlay d-flex align-items-center justify-content-center\">\n\t\t\t\t<\/span>\n\t\t\t<\/div>\n\n\t\t\t<div class=\"lqd-pf-details\">\n\t\t\t\t<div class=\"d-flex justify-content-between\">\n\t\t\t\t\t\t\t\t\t\t<h2 class=\"lqd-pf-title mt-0 align-items-center h5\">COOL \u2013 Colours of our lives<\/h2>\t\t\t\t\t\t\t\t\t<\/div>\n\t\t\t\t<ul class=\"reset-ul inline-nav lqd-pf-cat lqd-lp-cat d-inline-flex pos-rel z-index-2\"><li><a href=\"https:\/\/proni.hr\/en\/kategorija-projekata\/projects-that-are-behind-us\/\">Projects that are behind us<\/a><\/li><\/ul>\t\t\t<\/div>\n\n\t\t\t<a href=\"https:\/\/proni.hr\/en\/projekti\/cool-colours-of-our-lives\/\"  class=\"lqd-overlay lqd-pf-overlay-link lqd-cc-label-trigger\" data-cc-icon-color=\"\"><\/a>\n\t\t<\/div>\n\t<\/article>\n\n<\/div><div class=\"lqd-pf-column col-md-4 col-sm-6 col-xs-12 col-sm-6 col-xs-12 masonry-item projects-that-are-behind-us\">\n\n\t<article id=\"post-14670\" class=\"lqd-pf-item lqd-pf-item-style-6 border-radius-6 p-3 pt-4 lqd-pf-dark post-14670 liquid-portfolio type-liquid-portfolio status-publish format-standard hentry liquid-portfolio-category-projects-that-are-behind-us\">\n\t\t<div class=\"lqd-pf-item-inner\">\n\n\t\t\t<div class=\"lqd-pf-img mb-3 pos-rel border-radius-10 overflow-hidden\">\n\t\t\t\t<figure>\n\t\t\t\t\t<figure  class=\"w-100\"><\/figure>\t\t\t\t<\/figure>\n\t\t\t\t<span class=\"lqd-pf-overlay-bg lqd-overlay d-flex align-items-center justify-content-center\">\n\t\t\t\t<\/span>\n\t\t\t<\/div>\n\n\t\t\t<div class=\"lqd-pf-details\">\n\t\t\t\t<div class=\"d-flex justify-content-between\">\n\t\t\t\t\t\t\t\t\t\t<h2 class=\"lqd-pf-title mt-0 align-items-center h5\">Potkovani zdravim navikama<\/h2>\t\t\t\t\t\t\t\t\t<\/div>\n\t\t\t\t<ul class=\"reset-ul inline-nav lqd-pf-cat lqd-lp-cat d-inline-flex pos-rel z-index-2\"><li><a href=\"https:\/\/proni.hr\/en\/kategorija-projekata\/projects-that-are-behind-us\/\">Projects that are behind us<\/a><\/li><\/ul>\t\t\t<\/div>\n\n\t\t\t<a href=\"https:\/\/proni.hr\/en\/projekti\/potkovani-zdravim-navikama\/\"  class=\"lqd-overlay lqd-pf-overlay-link lqd-cc-label-trigger\" data-cc-icon-color=\"\"><\/a>\n\t\t<\/div>\n\t<\/article>\n\n<\/div><div class=\"lqd-pf-column col-md-4 col-sm-6 col-xs-12 col-sm-6 col-xs-12 masonry-item projects-that-are-behind-us\">\n\n\t<article id=\"post-14672\" class=\"lqd-pf-item lqd-pf-item-style-6 border-radius-6 p-3 pt-4 lqd-pf-dark post-14672 liquid-portfolio type-liquid-portfolio status-publish format-standard hentry liquid-portfolio-category-projects-that-are-behind-us\">\n\t\t<div class=\"lqd-pf-item-inner\">\n\n\t\t\t<div class=\"lqd-pf-img mb-3 pos-rel border-radius-10 overflow-hidden\">\n\t\t\t\t<figure>\n\t\t\t\t\t<figure  class=\"w-100\"><\/figure>\t\t\t\t<\/figure>\n\t\t\t\t<span class=\"lqd-pf-overlay-bg lqd-overlay d-flex align-items-center justify-content-center\">\n\t\t\t\t<\/span>\n\t\t\t<\/div>\n\n\t\t\t<div class=\"lqd-pf-details\">\n\t\t\t\t<div class=\"d-flex justify-content-between\">\n\t\t\t\t\t\t\t\t\t\t<h2 class=\"lqd-pf-title mt-0 align-items-center h5\">Reci \u201cNE\u201d<\/h2>\t\t\t\t\t\t\t\t\t<\/div>\n\t\t\t\t<ul class=\"reset-ul inline-nav lqd-pf-cat lqd-lp-cat d-inline-flex pos-rel z-index-2\"><li><a href=\"https:\/\/proni.hr\/en\/kategorija-projekata\/projects-that-are-behind-us\/\">Projects that are behind us<\/a><\/li><\/ul>\t\t\t<\/div>\n\n\t\t\t<a href=\"https:\/\/proni.hr\/en\/projekti\/reci-ne\/\"  class=\"lqd-overlay lqd-pf-overlay-link lqd-cc-label-trigger\" data-cc-icon-color=\"\"><\/a>\n\t\t<\/div>\n\t<\/article>\n\n<\/div><div class=\"lqd-pf-column col-md-4 col-sm-6 col-xs-12 col-sm-6 col-xs-12 masonry-item projects-that-are-behind-us\">\n\n\t<article id=\"post-14676\" class=\"lqd-pf-item lqd-pf-item-style-6 border-radius-6 p-3 pt-4 lqd-pf-dark post-14676 liquid-portfolio type-liquid-portfolio status-publish format-standard hentry liquid-portfolio-category-projects-that-are-behind-us\">\n\t\t<div class=\"lqd-pf-item-inner\">\n\n\t\t\t<div class=\"lqd-pf-img mb-3 pos-rel border-radius-10 overflow-hidden\">\n\t\t\t\t<figure>\n\t\t\t\t\t<figure  class=\"w-100\"><\/figure>\t\t\t\t<\/figure>\n\t\t\t\t<span class=\"lqd-pf-overlay-bg lqd-overlay d-flex align-items-center justify-content-center\">\n\t\t\t\t<\/span>\n\t\t\t<\/div>\n\n\t\t\t<div class=\"lqd-pf-details\">\n\t\t\t\t<div class=\"d-flex justify-content-between\">\n\t\t\t\t\t\t\t\t\t\t<h2 class=\"lqd-pf-title mt-0 align-items-center h5\">U informiranju je snaga<\/h2>\t\t\t\t\t\t\t\t\t<\/div>\n\t\t\t\t<ul class=\"reset-ul inline-nav lqd-pf-cat lqd-lp-cat d-inline-flex pos-rel z-index-2\"><li><a href=\"https:\/\/proni.hr\/en\/kategorija-projekata\/projects-that-are-behind-us\/\">Projects that are behind us<\/a><\/li><\/ul>\t\t\t<\/div>\n\n\t\t\t<a href=\"https:\/\/proni.hr\/en\/projekti\/u-informiranju-je-snaga\/\"  class=\"lqd-overlay lqd-pf-overlay-link lqd-cc-label-trigger\" data-cc-icon-color=\"\"><\/a>\n\t\t<\/div>\n\t<\/article>\n\n<\/div><\/div><\/div>\t\t\t\t<\/div>\n\t\t\t\t<\/div>\n\t\t\t\t\t<\/div>\n\t\t<\/div>\n\t\t\t\t\t<\/div>\n\t\t<\/section>\n\t\t\t\t<\/div>\n\t\t","protected":false},"excerpt":{"rendered":"<p>Projekti koji su u tijeku Nove mogu\u0107nosti Projekt Nove mogu\u0107nosti nastao je na temelju potreba organizacija uklju\u010denih u partnerstvo i njihove&#8230; Budimo inkluzivni! Projekt \u201cBudimo inkluzivni!\u201d, provodi se na podru\u010dju grada Vukovara u trajanju od 15 mjeseci tj. od 2.11.2020&#8230;. Radius V Projekt \u201eRadius V\u201c je usmjeren na kreiranje poticajnog okru\u017eenja za razvoj volonterstva kroz [&hellip;]<\/p>\n","protected":false},"author":3,"featured_media":0,"parent":0,"menu_order":0,"comment_status":"closed","ping_status":"closed","template":"","meta":{"cybocfi_hide_featured_image":"","footnotes":""},"class_list":["post-14552","page","type-page","status-publish","hentry"],"aioseo_notices":[],"_links":{"self":[{"href":"https:\/\/proni.hr\/en\/wp-json\/wp\/v2\/pages\/14552","targetHints":{"allow":["GET"]}}],"collection":[{"href":"https:\/\/proni.hr\/en\/wp-json\/wp\/v2\/pages"}],"about":[{"href":"https:\/\/proni.hr\/en\/wp-json\/wp\/v2\/types\/page"}],"author":[{"embeddable":true,"href":"https:\/\/proni.hr\/en\/wp-json\/wp\/v2\/users\/3"}],"replies":[{"embeddable":true,"href":"https:\/\/proni.hr\/en\/wp-json\/wp\/v2\/comments?post=14552"}],"version-history":[{"count":2,"href":"https:\/\/proni.hr\/en\/wp-json\/wp\/v2\/pages\/14552\/revisions"}],"predecessor-version":[{"id":14554,"href":"https:\/\/proni.hr\/en\/wp-json\/wp\/v2\/pages\/14552\/revisions\/14554"}],"wp:attachment":[{"href":"https:\/\/proni.hr\/en\/wp-json\/wp\/v2\/media?parent=14552"}],"curies":[{"name":"wp","href":"https:\/\/api.w.org\/{rel}","templated":true}]}}