{"id":14556,"date":"2022-03-31T16:07:19","date_gmt":"2022-03-31T14:07:19","guid":{"rendered":"https:\/\/proni.hr\/proni-tim\/"},"modified":"2024-07-03T12:55:14","modified_gmt":"2024-07-03T10:55:14","slug":"proni-tim","status":"publish","type":"page","link":"https:\/\/proni.hr\/en\/proni-tim\/","title":{"rendered":"Proni team"},"content":{"rendered":"\t\t<div data-elementor-type=\"wp-page\" data-elementor-id=\"14556\" class=\"elementor elementor-14556 elementor-8036\">\n\t\t\t\t\t\t<section data-custom-animations=\"true\" data-ca-options=\"{&quot;addChildTimelines&quot;:false,&quot;animationTarget&quot;:&quot;:scope &gt; .elementor-container &gt; .elementor-column&quot;,&quot;ease&quot;:[&quot;power4.out&quot;],&quot;initValues&quot;:{&quot;opacity&quot;:0},&quot;animations&quot;:{&quot;opacity&quot;:1}}\" class=\"elementor-section elementor-top-section elementor-element elementor-element-446e90c elementor-section-boxed elementor-section-height-default elementor-section-height-default\" data-id=\"446e90c\" data-element_type=\"section\" data-e-type=\"section\">\n\t\t\t\t\t\t<div class=\"elementor-container elementor-column-gap-default\">\n\t\t\t\t\t<div class=\"elementor-column elementor-col-33 elementor-top-column elementor-element elementor-element-cd7f5a2\" data-id=\"cd7f5a2\" data-element_type=\"column\" data-e-type=\"column\">\n\t\t\t<div class=\"elementor-widget-wrap elementor-element-populated\">\n\t\t\t\t\t\t<div class=\"elementor-element elementor-element-9d1f898 elementor-widget elementor-widget-hub_fancy_heading\" data-id=\"9d1f898\" data-element_type=\"widget\" data-e-type=\"widget\" data-widget_type=\"hub_fancy_heading.default\">\n\t\t\t\t<div class=\"elementor-widget-container\">\n\t\t\t\t\t\n\t\t<div id=\"ld-fancy-heading-69f456fd69127\" class=\"ld-fancy-heading pos-rel\">\n\t\t\t<h3 class=\"ld-fh-element d-inline-block pos-rel  elementor-heading-title lqd-highlight-classic lqd-highlight-grow-left h3\"  > Upravni odbor<\/h3>\t\t<\/div>\n\n\t\t\t\t\t\t<\/div>\n\t\t\t\t<\/div>\n\t\t\t\t<div class=\"elementor-element elementor-element-2b889d6 elementor-widget elementor-widget-text-editor\" data-id=\"2b889d6\" data-element_type=\"widget\" data-e-type=\"widget\" data-widget_type=\"text-editor.default\">\n\t\t\t\t<div class=\"elementor-widget-container\">\n\t\t\t\t\t\t\t\t\t<p><strong>Snje\u017eana Baraba\u0161-Ser\u0161i\u0107<\/strong><br \/>predsjednica<\/p><p><strong>Stela Macakanja Ba\u010di\u0107<\/strong><br \/>\u010dlanica<\/p><p><strong>Slobodan Stojanovi\u0107<\/strong><br \/>\u010dlan<\/p><p><strong>Damir Lajo\u0161<\/strong><br \/>\u010dlan<\/p><p><strong>Nikica Torbica<\/strong><br \/>\u010dlan<\/p><p><strong>Zorica Peri\u0107<\/strong><br \/>\u010dlanica<\/p><p><strong>Ljubica Brigitte Niki\u0107<\/strong><br \/>predstavnica korisnika i volontera<\/p><p>\u00a0<\/p>\t\t\t\t\t\t\t\t<\/div>\n\t\t\t\t<\/div>\n\t\t\t\t\t<\/div>\n\t\t<\/div>\n\t\t\t\t<div class=\"elementor-column elementor-col-33 elementor-top-column elementor-element elementor-element-18c2b95\" data-id=\"18c2b95\" data-element_type=\"column\" data-e-type=\"column\">\n\t\t\t<div class=\"elementor-widget-wrap elementor-element-populated\">\n\t\t\t\t\t\t<div class=\"elementor-element elementor-element-8100266 elementor-widget elementor-widget-hub_fancy_heading\" data-id=\"8100266\" data-element_type=\"widget\" data-e-type=\"widget\" data-widget_type=\"hub_fancy_heading.default\">\n\t\t\t\t<div class=\"elementor-widget-container\">\n\t\t\t\t\t\n\t\t<div id=\"ld-fancy-heading-69f456fd6a847\" class=\"ld-fancy-heading pos-rel\">\n\t\t\t<h3 class=\"ld-fh-element d-inline-block pos-rel  elementor-heading-title lqd-highlight-classic lqd-highlight-grow-left h3\"  > Ured Osijek<\/h3>\t\t<\/div>\n\n\t\t\t\t\t\t<\/div>\n\t\t\t\t<\/div>\n\t\t\t\t<div class=\"elementor-element elementor-element-d9ad043 elementor-widget elementor-widget-text-editor\" data-id=\"d9ad043\" data-element_type=\"widget\" data-e-type=\"widget\" data-widget_type=\"text-editor.default\">\n\t\t\t\t<div class=\"elementor-widget-container\">\n\t\t\t\t\t\t\t\t\t<p><strong>Sanja Vukovi\u0107<\/strong><br \/>izvr\u0161na direktorica<\/p><p><strong>Irena Mikuli\u0107<\/strong><br \/>voditeljica odjela obrazovanja<\/p><p><strong>Mirjana Jozanovi\u0107<\/strong><br \/>voditeljica RICM Osijek<\/p><p><strong>Maja Kne\u017eevi\u0107<\/strong><br \/>asistentica voditeljice RICM Osijek<\/p>\t\t\t\t\t\t\t\t<\/div>\n\t\t\t\t<\/div>\n\t\t\t\t\t<\/div>\n\t\t<\/div>\n\t\t\t\t<div class=\"elementor-column elementor-col-33 elementor-top-column elementor-element elementor-element-8782c4b\" data-id=\"8782c4b\" data-element_type=\"column\" data-e-type=\"column\">\n\t\t\t<div class=\"elementor-widget-wrap elementor-element-populated\">\n\t\t\t\t\t\t<div class=\"elementor-element elementor-element-8faff57 elementor-widget elementor-widget-hub_fancy_heading\" data-id=\"8faff57\" data-element_type=\"widget\" data-e-type=\"widget\" data-widget_type=\"hub_fancy_heading.default\">\n\t\t\t\t<div class=\"elementor-widget-container\">\n\t\t\t\t\t\n\t\t<div id=\"ld-fancy-heading-69f456fd6b7c4\" class=\"ld-fancy-heading pos-rel\">\n\t\t\t<h3 class=\"ld-fh-element d-inline-block pos-rel  elementor-heading-title lqd-highlight-classic lqd-highlight-grow-left h3\"  > Ured Vukovar<\/h3>\t\t<\/div>\n\n\t\t\t\t\t\t<\/div>\n\t\t\t\t<\/div>\n\t\t\t\t<div class=\"elementor-element elementor-element-461ad51 elementor-widget elementor-widget-text-editor\" data-id=\"461ad51\" data-element_type=\"widget\" data-e-type=\"widget\" data-widget_type=\"text-editor.default\">\n\t\t\t\t<div class=\"elementor-widget-container\">\n\t\t\t\t\t\t\t\t\t<p><strong>Goran Jeleni\u0107<\/strong><br \/>voditelj odjela rada s mladima<\/p><p><strong>Predrag Kova\u010devi\u0107<\/strong><br \/>administrator<\/p><p><strong>Karolina \u0160o\u0161 \u017divanovi\u0107<\/strong><br \/>voditeljica ICM Vukovar<\/p>\t\t\t\t\t\t\t\t<\/div>\n\t\t\t\t<\/div>\n\t\t\t\t\t<\/div>\n\t\t<\/div>\n\t\t\t\t\t<\/div>\n\t\t<\/section>\n\t\t\t\t<\/div>\n\t\t","protected":false},"excerpt":{"rendered":"<p>Upravni odbor Snje\u017eana Baraba\u0161-Ser\u0161i\u0107 predsjednica Stela Macakanja Ba\u010di\u0107 \u010dlanica Slobodan Stojanovi\u0107 \u010dlan Damir Lajo\u0161 \u010dlan Nikica Torbica \u010dlan Zorica Peri\u0107 \u010dlanica Ljubica Brigitte Niki\u0107 predstavnica korisnika i volontera Ured Osijek Sanja Vukovi\u0107 izvr\u0161na direktorica Irena Mikuli\u0107 voditeljica odjela obrazovanja Mirjana Jozanovi\u0107 voditeljica RICM Osijek Maja Kne\u017eevi\u0107 asistentica voditeljice RICM Osijek Ured Vukovar Goran Jeleni\u0107 voditelj [&hellip;]<\/p>\n","protected":false},"author":3,"featured_media":0,"parent":0,"menu_order":0,"comment_status":"closed","ping_status":"closed","template":"","meta":{"cybocfi_hide_featured_image":"","footnotes":""},"class_list":["post-14556","page","type-page","status-publish","hentry"],"aioseo_notices":[],"_links":{"self":[{"href":"https:\/\/proni.hr\/en\/wp-json\/wp\/v2\/pages\/14556","targetHints":{"allow":["GET"]}}],"collection":[{"href":"https:\/\/proni.hr\/en\/wp-json\/wp\/v2\/pages"}],"about":[{"href":"https:\/\/proni.hr\/en\/wp-json\/wp\/v2\/types\/page"}],"author":[{"embeddable":true,"href":"https:\/\/proni.hr\/en\/wp-json\/wp\/v2\/users\/3"}],"replies":[{"embeddable":true,"href":"https:\/\/proni.hr\/en\/wp-json\/wp\/v2\/comments?post=14556"}],"version-history":[{"count":1,"href":"https:\/\/proni.hr\/en\/wp-json\/wp\/v2\/pages\/14556\/revisions"}],"predecessor-version":[{"id":14557,"href":"https:\/\/proni.hr\/en\/wp-json\/wp\/v2\/pages\/14556\/revisions\/14557"}],"wp:attachment":[{"href":"https:\/\/proni.hr\/en\/wp-json\/wp\/v2\/media?parent=14556"}],"curies":[{"name":"wp","href":"https:\/\/api.w.org\/{rel}","templated":true}]}}